{"id":3131,"date":"2016-06-26T11:39:54","date_gmt":"2016-06-26T11:39:54","guid":{"rendered":"https:\/\/showcase.westerlike.net\/Timba\/?page_id=3131"},"modified":"2022-09-24T10:38:02","modified_gmt":"2022-09-24T10:38:02","slug":"reklamtabla-keszites-2","status":"publish","type":"page","link":"https:\/\/showcase.westerlike.net\/Timba\/szolgaltatasok\/reklamtabla-keszites-2\/","title":{"rendered":"Rekl\u00e1mt\u00e1bla k\u00e9sz\u00edt\u00e9s"},"content":{"rendered":"<ul>\n<li>Rekl\u00e1mt\u00e1bl\u00e1k<\/li>\n<li>C\u00e9gt\u00e1bl\u00e1k<\/li>\n<li>Meg\u00e1ll\u00edt\u00f3t\u00e1bl\u00e1k<\/li>\n<li>Vil\u00e1g\u00edt\u00f3t\u00e1bl\u00e1k<\/li>\n<\/ul>\n<p>Rekl\u00e1mdekor mindenf\u00e9le kivitelben, ak\u00e1r hagyom\u00e1nyos vinyl alapanyagra (f\u00e9nyes, vagy matt lamin\u00e1lt, vagy lamin\u00e1latlan kivitelben), vagy direkt UV nyomtat\u00e1s k\u00f6zvetlen\u00fcl a habos\u00edtott UV \u00e1ll\u00f3 PVC t\u00e1bl\u00e1ra (ez a leg\u00fajabb technol\u00f3gia, nincs mi p\u00f6nd\u00f6r\u00f6dj\u00f6n, nem zsugorodik napf\u00e9ny hat\u00e1s\u00e1ra). Tov\u00e1bb\u00e1 k\u00e9sz\u00edt\u00fcnk meg\u00e1ll\u00edt\u00f3t\u00e1bl\u00e1t szabv\u00e1ny, illetve egyedi kivitelben is, valamint vil\u00e1g\u00edt\u00f3t\u00e1bl\u00e1t hagyom\u00e1nyos f\u00e9nycs\u00f6ves \u00e9s \u00faj energiatakar\u00e9kos LED h\u00e1tt\u00e9rvil\u00e1g\u00edt\u00e1ssal is! B\u00e1rmilyen egy\u00e9ni elk\u00e9pzel\u00e9st is megval\u00f3s\u00edtunk! R\u00f6vid hat\u00e1rid\u0151, kedvez\u0151 \u00e1rak.<\/p>\n<h4 class=\"ar-cim\"><a><\/a>\u00c1raink<\/h4>\n<div class=\"table-responsive\">\n<table class=\"table table-hover\" border=\"0\" cellspacing=\"0\" cellpadding=\"0\" align=\"center\">\n<tbody>\n<tr class=\"ar-kiemelt\">\n<td id=\"vonal2\" style=\"padding-left: 10px;\"><strong>Megnevez\u00e9s<\/strong><\/td>\n<td style=\"text-align: center;\"><strong>\u00e1r<\/strong><\/td>\n<\/tr>\n<tr>\n<td id=\"vonal2\" style=\"padding-left: 10px;\">Nyomtat\u00e1s vinylre<\/td>\n<td style=\"text-align: center;\"><strong>11.500<\/strong> Ft \/ m2<\/td>\n<\/tr>\n<tr class=\"ar-szurke\">\n<td id=\"vonal2\" style=\"padding-left: 10px;\">Kas\u00edroz\u00e1s hozott t\u00e1bl\u00e1ra<\/td>\n<td style=\"text-align: center;\"><strong>3.000<\/strong> Ft \/ m2<\/td>\n<\/tr>\n<tr>\n<td id=\"vonal2\" style=\"padding-left: 10px;\">Lamin\u00e1l\u00e1s<\/td>\n<td style=\"text-align: center;\"><strong>3.500<\/strong> Ft \/ m2<\/td>\n<\/tr>\n<tr class=\"ar-szurke\">\n<td id=\"vonal2\" style=\"padding-left: 10px;\">Rekl\u00e1mt\u00e1bla k\u00e9sz\u00edt\u00e9s (5 mm t\u00e1bl\u00e1val)<\/td>\n<td style=\"text-align: center;\"><strong>18.500<\/strong> Ft \/ m2<\/td>\n<\/tr>\n<tr>\n<td id=\"vonal2\" style=\"padding-left: 10px;\">Direkt UV nyomtat\u00e1s (5 mm t\u00e1bl\u00e1val)<\/td>\n<td style=\"text-align: center;\"><strong>18.000<\/strong> Ft \/ m2<\/td>\n<\/tr>\n<tr class=\"ar-szurke\">\n<td id=\"vonal2\" style=\"padding-left: 10px;\">Habos\u00edtott PVC t\u00e1bla\u00a0(3 mm)<\/td>\n<td style=\"text-align: center;\"><strong>6.000<\/strong> Ft \/ m2<\/td>\n<\/tr>\n<tr>\n<td id=\"vonal2\" style=\"padding-left: 10px;\">Habos\u00edtott PVC t\u00e1bla\u00a0(5 mm)<\/td>\n<td style=\"text-align: center;\"><strong>7.000<\/strong> Ft \/ m2<\/td>\n<\/tr>\n<tr class=\"ar-szurke\">\n<td id=\"vonal2\" style=\"padding-left: 10px;\">Horganyzott lemez t\u00e1bla (0.8 mm)<\/td>\n<td style=\"text-align: center;\"><strong>8.000<\/strong> Ft \/ m2<\/td>\n<\/tr>\n<\/tbody>\n<\/table>\n<\/div>\n<p>&nbsp;<\/p>\n<h6 style=\"text-align: center;\">\u00c1raink v\u00e9gfelhaszn\u00e1l\u00f3i \u00e1rak, mag\u00e1nszem\u00e9lyek r\u00e9sz\u00e9re nem tartalmaznak \u00c1FA-t,<br \/>\nc\u00e9ges megrendel\u00e9s eset\u00e9n +27% \u00c1FA-t meg kell fizetni!<\/h6>\n","protected":false},"excerpt":{"rendered":"<p>Rekl\u00e1mt\u00e1bl\u00e1k C\u00e9gt\u00e1bl\u00e1k Meg\u00e1ll\u00edt\u00f3t\u00e1bl\u00e1k Vil\u00e1g\u00edt\u00f3t\u00e1bl\u00e1k Rekl\u00e1mdekor mindenf\u00e9le kivitelben, ak\u00e1r hagyom\u00e1nyos vinyl alapanyagra (f\u00e9nyes, vagy matt lamin\u00e1lt, vagy lamin\u00e1latlan kivitelben), vagy direkt UV nyomtat\u00e1s k\u00f6zvetlen\u00fcl a habos\u00edtott&#8230;<\/p>\n","protected":false},"author":1,"featured_media":3132,"parent":61,"menu_order":0,"comment_status":"closed","ping_status":"closed","template":"page_fullwidth.php","meta":{"footnotes":""},"class_list":["post-3131","page","type-page","status-publish","has-post-thumbnail","hentry"],"_links":{"self":[{"href":"https:\/\/showcase.westerlike.net\/Timba\/wp-json\/wp\/v2\/pages\/3131","targetHints":{"allow":["GET"]}}],"collection":[{"href":"https:\/\/showcase.westerlike.net\/Timba\/wp-json\/wp\/v2\/pages"}],"about":[{"href":"https:\/\/showcase.westerlike.net\/Timba\/wp-json\/wp\/v2\/types\/page"}],"author":[{"embeddable":true,"href":"https:\/\/showcase.westerlike.net\/Timba\/wp-json\/wp\/v2\/users\/1"}],"replies":[{"embeddable":true,"href":"https:\/\/showcase.westerlike.net\/Timba\/wp-json\/wp\/v2\/comments?post=3131"}],"version-history":[{"count":0,"href":"https:\/\/showcase.westerlike.net\/Timba\/wp-json\/wp\/v2\/pages\/3131\/revisions"}],"up":[{"embeddable":true,"href":"https:\/\/showcase.westerlike.net\/Timba\/wp-json\/wp\/v2\/pages\/61"}],"wp:featuredmedia":[{"embeddable":true,"href":"https:\/\/showcase.westerlike.net\/Timba\/wp-json\/wp\/v2\/media\/3132"}],"wp:attachment":[{"href":"https:\/\/showcase.westerlike.net\/Timba\/wp-json\/wp\/v2\/media?parent=3131"}],"curies":[{"name":"wp","href":"https:\/\/api.w.org\/{rel}","templated":true}]}}