{"id":8655,"date":"2020-04-17T07:19:11","date_gmt":"2020-04-17T07:19:11","guid":{"rendered":"https:\/\/showcase.westerlike.net\/Timba\/?page_id=8655"},"modified":"2020-04-17T08:13:11","modified_gmt":"2020-04-17T08:13:11","slug":"adatvedelmi-nyilatkozat","status":"publish","type":"page","link":"https:\/\/showcase.westerlike.net\/Timba\/adatvedelmi-nyilatkozat\/","title":{"rendered":"Adatv\u00e9delmi nyilatkozat"},"content":{"rendered":"<p>A(z) <a href=\"https:\/\/showcase.westerlike.net\/Timba\">timba.hu<\/a> weboldal Magyarorsz\u00e1gon, a magyarorsz\u00e1gi sz\u00e9khellyel rendelkez\u0151 Sipos Bal\u00e1zs G\u00e1bor egy\u00e9ni v\u00e1llalkoz\u00f3 (2483 G\u00e1rdony, Radn\u00f3ti Mikl\u00f3s utca 51.) (a tov\u00e1bbiakban: Adatkezel\u0151) kezel\u00e9s\u00e9ben m\u0171k\u00f6dik. Jelen adatv\u00e9delmi t\u00e1j\u00e9koztat\u00f3 tartalmazza, hogyan kezelj\u00fck \u00e9s v\u00e9dj\u00fck azon inform\u00e1ci\u00f3kat, amelyeket \u00d6n weboldalunk haszn\u00e1lata sor\u00e1n r\u00e9sz\u00fcnkre rendelkez\u00e9sre bocs\u00e1t. Ha \u00d6nnek b\u00e1rmilyen k\u00e9rd\u00e9se vagy \u00e9szrev\u00e9tele van ezen t\u00e1j\u00e9koztat\u00f3val kapcsolatban, miel\u0151tt haszn\u00e1ln\u00e1 weboldalunkat, k\u00e9rj\u00fck l\u00e9pjen vel\u00fcnk kapcsolatba el\u00e9rhet\u0151s\u00e9geink valamelyik\u00e9n.<\/p>\n<p>Id\u0151nk\u00e9nt weboldalunk v\u00e1ltozhat a k\u00fcl\u00f6nb\u00f6z\u0151 friss\u00edt\u00e9sek miatt. Erre val\u00f3 tekintettel aj\u00e1nlott ezen t\u00e1j\u00e9koztat\u00f3t rendszeresen ellen\u0151rizni, hogy figyelemmel k\u00eds\u00e9rhesse a v\u00e1ltoz\u00e1sok elfogadhat\u00f3s\u00e1g\u00e1t.<\/p>\n<h2>Milyen inform\u00e1ci\u00f3kat gy\u0171jt\u00fcnk \u00d6nr\u0151l?<\/h2>\n<p>\u00c1ltal\u00e1noss\u00e1gban \u00d6n haszn\u00e1lhatja weboldalunkat \u00fagy is, hogy nem ad meg semmilyen inform\u00e1ci\u00f3t a r\u00e9sz\u00fcnkre. Ugyanakkor, bizonyos esetekben k\u00e9r\u00fcnk \u00d6nnel kapcsolatos adatokat. Az inform\u00e1ci\u00f3k tartalmazhatj\u00e1k az \u00d6n nev\u00e9t \u00e9s kapcsolattart\u00e1si adatait, ide\u00e9rtve az e-mail c\u00edm\u00e9t is.<\/p>\n<p>Az \u00e1ltalunk gy\u0171jt\u00f6tt inform\u00e1ci\u00f3k egy r\u00e9sze a <a target=\"_blank\" href=\"http:\/\/net.jogtar.hu\/jr\/gen\/hjegy_doc.cgi?docid=A1100112.TV\" rel=\"noopener noreferrer\" title=\"2011. \u00e9vi CXII. t\u00f6rv\u00e9ny az inform\u00e1ci\u00f3s \u00f6nrendelkez\u00e9si jogr\u00f3l \u00e9s az inform\u00e1ci\u00f3szabads\u00e1gr\u00f3l\">&#8222;2011. \u00e9vi CXII. t\u00f6rv\u00e9ny az inform\u00e1ci\u00f3s \u00f6nrendelkez\u00e9si jogr\u00f3l \u00e9s az inform\u00e1ci\u00f3szabads\u00e1gr\u00f3l&#8221;<\/a> szerinti &#8222;Szem\u00e9lyes Adat&#8221;. Ez azt jelenti, hogy az adat kapcsolatba hozhat\u00f3 \u00d6nnel, illetve az adat alapj\u00e1n az \u00d6n szem\u00e9lye azonos\u00edthat\u00f3. &#8222;K\u00fcl\u00f6nleges Adatot&#8221; nem gy\u0171jt\u00fcnk. K\u00fcl\u00f6nleges Adat az \u00d6n faji eredet\u00e9re, nemzeti \u00e9s etnikai kisebbs\u00e9ghez tartoz\u00e1s\u00e1ra, politikai v\u00e9lem\u00e9ny\u00e9re \u00e9s p\u00e1rt\u00e1ll\u00e1s\u00e1ra, vall\u00e1sos vagy m\u00e1s vil\u00e1gn\u00e9zeti meggy\u0151z\u0151d\u00e9s\u00e9re, \u00e9rdek-k\u00e9pviseleti szervezeti tags\u00e1g\u00e1ra, eg\u00e9szs\u00e9gi \u00e1llapot\u00e1ra, k\u00f3ros szenved\u00e9ly\u00e9re, szexu\u00e1lis be\u00e1ll\u00edtotts\u00e1g\u00e1ra vonatkoz\u00f3 inform\u00e1ci\u00f3 lehet, valamint a b\u0171n\u00fcgyi szem\u00e9lyes adat.<\/p>\n<p>Ezen ir\u00e1nymutat\u00e1sban a &#8222;Szem\u00e9lyes Adat&#8221; \u00e9s az &#8222;\u00d6nnel kapcsolatos inform\u00e1ci\u00f3&#8221; kifejez\u00e9seket rokon \u00e9rtelm\u0171k\u00e9nt haszn\u00e1ljuk.<\/p>\n<h2>Mit csin\u00e1lunk az \u00d6nnel kapcsolatos inform\u00e1ci\u00f3kkal?<\/h2>\n<p>Az \u00d6nnel kapcsolatos inform\u00e1ci\u00f3kat kiz\u00e1r\u00f3lag a web\u00e1ruh\u00e1zban leadott rendel\u00e9sek feldolgoz\u00e1sa \u00e9rdek\u00e9ben haszn\u00e1ljuk fel.<\/p>\n<p>T\u00e1j\u00e9koztatjuk, hogy az \u00d6nnel kapcsolatos inform\u00e1ci\u00f3k kezel\u00e9se sor\u00e1n kiz\u00e1r\u00f3lag sz\u00e1m\u00edt\u00e1stechnikai eszk\u00f6zzel v\u00e9grehajtott automatiz\u00e1lt adatfeldolgoz\u00e1s t\u00f6rt\u00e9nhet. Amennyiben az automatiz\u00e1lt adatfeldolgoz\u00e1s sor\u00e1n alkalmazott matematikai m\u00f3dszerr\u0151l \u00e9s annak l\u00e9nyeg\u00e9r\u0151l b\u00e1rmilyen k\u00e9rd\u00e9se lenne, illetve ezzel kapcsolatban \u00e1ll\u00e1spontj\u00e1t ki akarja fejteni, k\u00e9rj\u00fck l\u00e9pjen vel\u00fcnk kapcsolatba el\u00e9rhet\u0151s\u00e9geink valamelyik\u00e9n.<\/p>\n<h2>Hogyan gy\u0171jtj\u00fck az inform\u00e1ci\u00f3kat?<\/h2>\n<p>Az \u00d6nnel kapcsolatos inform\u00e1ci\u00f3kat egyf\u00e9le m\u00f3dszerrel gy\u0171jtj\u00fck: amikor a weboldalon kereszt\u00fcl bocs\u00e1tja \u00d6n a rendelkez\u00e9s\u00fcnkre.<\/p>\n<p>Az \u00d6nnel kapcsolatos inform\u00e1ci\u00f3kat csak addig \u0151rizz\u00fck, am\u00edg azon c\u00e9l megval\u00f3s\u00edt\u00e1s\u00e1hoz sz\u00fcks\u00e9ges, amelynek el\u00e9r\u00e9se miatt a gy\u0171jt\u00e9s\u00e9re sor ker\u00fclt, illetve addig, am\u00edg b\u00e1rmely szerz\u0151d\u00e9s vagy jogszab\u00e1ly azt lehet\u0151v\u00e9 teszi.<\/p>\n<p>Nem gy\u0171jt\u00fcnk inform\u00e1ci\u00f3kat sz\u00fcks\u00e9gtelen m\u00e9rt\u00e9kben, sem olyan inform\u00e1ci\u00f3kat, melyek sz\u00fcks\u00e9gtelenek az el\u00e9rni k\u00edv\u00e1nt c\u00e9l megval\u00f3s\u00edt\u00e1s\u00e1hoz.<\/p>\n<p>A vonatkoz\u00f3 t\u00f6rv\u00e9nyekben a Szem\u00e9lyes Adatok kezel\u00e9s\u00e9hez el\u0151\u00edrt hozz\u00e1j\u00e1rul\u00e1st \u00d6nt\u0151l az internetes fel\u00fclet\u00fcnk\u00f6n k\u00fcl\u00f6n jel\u00f6l\u0151n\u00e9gyzetben (&#8222;checkbox&#8221;) szerezz\u00fck be.<\/p>\n<h2>Mi a helyzet a n\u00e9vtelen inform\u00e1ci\u00f3kkal?<\/h2>\n<p>Mikor \u00d6n felkeresi weboldalunkat, sor ker\u00fclhet olyan technikai inform\u00e1ci\u00f3k automatikus gy\u0171jt\u00e9s\u00e9re is, melyekb\u0151l az \u00d6n szem\u00e9lye nem azonos\u00edthat\u00f3. P\u00e9ld\u00e1ul egy olyan m\u00e1sik weboldal neve, mely \u00d6nt erre a weboldalra ir\u00e1ny\u00edtotta. Ezen inform\u00e1ci\u00f3k gy\u0171jt\u00e9se seg\u00edts\u00e9get ny\u00fajt sz\u00e1munkra a weboldalunk felhaszn\u00e1l\u00f3i \u00e1ltal prefer\u00e1lt keres\u00e9si szok\u00e1sok felismer\u00e9s\u00e9ben. Ezen inform\u00e1ci\u00f3k kiz\u00e1r\u00f3lag bels\u0151leg ker\u00fclnek felhaszn\u00e1l\u00e1sra, amelyek alapj\u00e1n kutat\u00e1sokat v\u00e9gezhet\u00fcnk az \u00d6n demogr\u00e1fiai adataival, illetve \u00e9rdekl\u0151d\u00e9s\u00e9vel kapcsolatban.<\/p>\n<p>A n\u00e9vtelen vagy \u00e1ltal\u00e1nos jelleg\u0171 adatok, melyekb\u0151l az \u00d6n szem\u00e9lye nem azonos\u00edthat\u00f3, nem min\u0151s\u00fclnek Szem\u00e9lyes Adatnak, \u00edgy nem tartoznak ezen ir\u00e1nymutat\u00e1s hat\u00e1lya al\u00e1.<\/p>\n<h2>Kivel osztjuk meg az \u00d6nnel kapcsolatos inform\u00e1ci\u00f3kat?<\/h2>\n<p class=\"list-title\">Az \u00d6nnel kapcsolatos Szem\u00e9lyes Adatokat az \u00d6n enged\u00e9lye n\u00e9lk\u00fcl nem tessz\u00fck hozz\u00e1f\u00e9rhet\u0151v\u00e9 harmadik f\u00e9l r\u00e9sz\u00e9re, kiv\u00e9ve:<\/p>\n<ul>\n<li>abban az esetben, ha az \u00d6nnel kapcsolatos inform\u00e1ci\u00f3 m\u00e1s c\u00e9gekkel, p\u00e9nz\u00fcgyi szervezetekkel vagy rend\u00e9szeti szervekkel t\u00f6rt\u00e9n\u0151 k\u00f6zl\u00e9se (jogszab\u00e1lyban meghat\u00e1rozottak szerint) b\u0171nmegel\u0151z\u00e9si, illetve fogyaszt\u00f3v\u00e9delmi okokb\u00f3l sz\u00fcks\u00e9ges vagy k\u00edv\u00e1natos;<\/li>\n<li>amennyiben jogszab\u00e1ly el\u0151\u00edrja vagy lehet\u0151v\u00e9 teszi.<\/li>\n<\/ul>\n<p class=\"list-title\">Abban az esetben, ha az \u00d6n Szem\u00e9lyes Adat\u00e1t gondosan kiv\u00e1lasztott harmadik f\u00e9llel vagy a fenti felsorol\u00e1sban szerepl\u0151 harmadik f\u00e9llel megosztjuk, minden esetben eleget tesz\u00fcnk az adatv\u00e9delmi jogszab\u00e1lyokban foglalt el\u0151\u00edr\u00e1soknak a harmadik f\u00e9llel k\u00f6t\u00f6tt szerz\u0151d\u00e9ses rendelkez\u00e9sek \u00fatj\u00e1n biztos\u00edtva, hogy a harmadik f\u00e9l:<\/p>\n<ul>\n<li>ne haszn\u00e1lhassa fel az \u00d6n Szem\u00e9lyes Adat\u00e1t az \u00e1ltalunk megjel\u00f6ltekt\u0151l, illetve a jelen ir\u00e1nymutat\u00e1sban foglaltakt\u00f3l elt\u00e9r\u0151 c\u00e9lokra, \u00e9s<\/li>\n<li>megfelel\u0151 biztons\u00e1gi int\u00e9zked\u00e9seket tegyen annak \u00e9rdek\u00e9ben, hogy meg\u00f3vja az \u00d6n Szem\u00e9lyes Adat\u00e1t illet\u00e9ktelen vagy jogellenes adatkezel\u00e9st\u0151l, b\u00e1rmilyen okb\u00f3l bek\u00f6vetkez\u0151 s\u00e9r\u00fcl\u00e9st\u0151l, illetve megsemmis\u00fcl\u00e9st\u0151l.<\/li>\n<\/ul>\n<p>Kiz\u00e1r\u00f3lag abban az esetben osztjuk meg harmadik f\u00e9llel, ha el\u0151zetesen megbizonyosodtunk arr\u00f3l, hogy az \u00d6n Szem\u00e9lyes Adata legal\u00e1bb ugyanolyan szint\u0171 v\u00e9delemben fog r\u00e9szes\u00fclni, mint amilyet az adatv\u00e9delmi jogszab\u00e1lyok \u00edrnak el\u0151 sz\u00e1munkra.<\/p>\n<p>Mi minden sz\u00fcks\u00e9ges \u00f3vint\u00e9zked\u00e9st megtesz\u00fcnk annak biztos\u00edt\u00e1sa \u00e9rdek\u00e9ben, hogy azon alkalmazottaink, akik hozz\u00e1f\u00e9rhetnek az \u00d6nnel kapcsolatos inform\u00e1ci\u00f3khoz, megfelel\u0151 oktat\u00e1sban r\u00e9szes\u00fclnek \u00e9s \u00edgy az inform\u00e1ci\u00f3t a jelen ir\u00e1nymutat\u00e1ssal illetve az adatv\u00e9delmi jogszab\u00e1lyokban foglalt k\u00f6telezetts\u00e9gekkel \u00f6sszhangban tudj\u00e1k kezelni. Azon alkalmazottainkat, akik ezen k\u00f6telezetts\u00e9g\u00fcket nem megfelel\u0151en teljes\u00edtik, sz\u00fcks\u00e9g eset\u00e9n fegyelmi felel\u0151ss\u00e9gre vonjuk.<\/p>\n<h2>Mit tesz\u00fcnk az \u00d6nnel kapcsolatos inform\u00e1ci\u00f3k v\u00e9delme \u00e9rdek\u00e9ben?<\/h2>\n<p>K\u00f6teless\u00e9g\u00fcnk biztos\u00edtani az \u00d6nnel kapcsolatos inform\u00e1ci\u00f3k v\u00e9delm\u00e9t. Annak \u00e9rdek\u00e9ben, hogy meg\u00f3vjuk az \u00d6nr\u0151l gy\u0171jt\u00f6tt inform\u00e1ci\u00f3kat, \u00e9s megel\u0151zz\u00fck az adatok illet\u00e9ktelen megismer\u00e9s\u00e9t, felhaszn\u00e1l\u00e1s\u00e1t, megv\u00e1ltoztat\u00e1s\u00e1t, megsemmis\u00edt\u00e9s\u00e9t vagy tov\u00e1bb\u00edt\u00e1s\u00e1t, \u00e9sszer\u0171 fizikai, elektronikus \u00e9s igazgat\u00e1si elj\u00e1r\u00e1sokat alkalmazunk. Ezen tev\u00e9kenys\u00e9g\u00fcnk sor\u00e1n k\u00fcl\u00f6n\u00f6s tekintettel vagyunk arra, hogy az \u00d6n Szem\u00e9lyes Adat\u00e1nak kezel\u00e9se sor\u00e1n megakad\u00e1lyozzunk minden jogellenes, illetve illet\u00e9ktelen elj\u00e1r\u00e1st. Mindezen int\u00e9zked\u00e9sek ellen\u00e9re az \u00d6n inform\u00e1ci\u00f3j\u00e1nak biztons\u00e1g\u00e1t teljes m\u00e9rt\u00e9kben nem tudjuk garant\u00e1lni.<\/p>\n<p class=\"list-title\">Az \u00d6n inform\u00e1ci\u00f3inak biztons\u00e1g\u00e1t a k\u00f6vetkez\u0151 eszk\u00f6z\u00f6kkel v\u00e9dj\u00fck:<\/p>\n<ul>\n<li>titkos\u00edt\u00e1s haszn\u00e1lat\u00e1val, ahol ez lehets\u00e9ges;<\/li>\n<li>jelszavas v\u00e9delem haszn\u00e1lat\u00e1val, ahol ez alkalmazhat\u00f3; \u00e9s<\/li>\n<li>az inform\u00e1ci\u00f3khoz val\u00f3 hozz\u00e1f\u00e9r\u00e9s korl\u00e1toz\u00e1s\u00e1val (p\u00e9ld\u00e1ul csak azon alkalmazottaink f\u00e9rhetnek hozz\u00e1, akik sz\u00e1m\u00e1ra az a fent eml\u00edtett c\u00e9lok el\u00e9r\u00e9se \u00e9rdek\u00e9ben sz\u00fcks\u00e9ges).<\/li>\n<\/ul>\n<p>K\u00e9rj\u00fck, seg\u00edtsen nek\u00fcnk az inform\u00e1ci\u00f3k meg\u00f3v\u00e1s\u00e1ban azzal, hogy nem haszn\u00e1l nyilv\u00e1nval\u00f3 bejelentkez\u00e9si nevet, illetve jelsz\u00f3t, a jelszava rendszeres megv\u00e1ltoztat\u00e1s\u00e1val, \u00e9s k\u00e9rj\u00fck, hogy jelszav\u00e1t ne tegye hozz\u00e1f\u00e9rhet\u0151v\u00e9 m\u00e1s szem\u00e9lyek sz\u00e1m\u00e1ra.<\/p>\n<h2>Milyen jogok illetik meg az adatkezel\u00e9ssel kapcsolatban?<\/h2>\n<p>Az adatkezel\u00e9s id\u0151tartama alatt b\u00e1rmikor k\u00e9rhet t\u0151l\u00fcnk t\u00e1j\u00e9koztat\u00e1st arr\u00f3l, hogy \u00d6nr\u0151l milyen adatokat t\u00e1rolunk \u00e9s kezel\u00fcnk, valamint k\u00e9rheti ezen adatok m\u00f3dos\u00edt\u00e1s\u00e1t \u00e9s t\u00f6rl\u00e9s\u00e9t is. Amennyiben ilyen jelleg\u0171 k\u00e9r\u00e9se lenne, k\u00e9rj\u00fck l\u00e9pjen vel\u00fcnk kapcsolatba el\u00e9rhet\u0151s\u00e9geink valamelyik\u00e9n.<\/p>\n<h2>Kapcsolatok<\/h2>\n<p>Ez a weboldal tartalmazhat kapcsol\u00f3d\u00e1si lehet\u0151s\u00e9get m\u00e1s, \u00e1ltalunk nem ellen\u0151rz\u00f6tt weboldalakra, \u00e9s m\u00e1s, \u00e1ltalunk nem ellen\u0151rz\u00f6tt weboldalak is adhatnak ilyen lehet\u0151s\u00e9get erre a weboldalra. B\u00e1r mi mindent megtesz\u00fcnk annak \u00e9rdek\u00e9ben, hogy csak olyan weboldalakra biztos\u00edtsunk kapcsol\u00f3d\u00e1si lehet\u0151s\u00e9get, ahol a mi biztons\u00e1gi \u00e9s adatv\u00e9delmi ir\u00e1nymutat\u00e1sunkkal megegyez\u0151 szint\u0171 v\u00e9delem l\u00e9tezik, amennyiben \u00d6n elhagyja ezt a weboldalt, nem tudunk felel\u0151ss\u00e9get v\u00e1llalni semmi olyan inform\u00e1ci\u00f3 biztons\u00e1g\u00e1\u00e9rt, melyet \u00d6n m\u00e1s oldalakon ad meg. Aj\u00e1nlott k\u00f6r\u00fcltekint\u0151en \u00e9s az adatv\u00e9delmi dokumentumok \u00e1ttanulm\u00e1nyoz\u00e1s\u00e1val elj\u00e1rni a k\u00e9rd\u00e9ses weboldalakon.<\/p>\n<h2>S\u00fctik<\/h2>\n<p>Weboldalunk bizonyos ter\u00fcletein haszn\u00e1lunk s\u00fctiket. A s\u00fctik olyan f\u00e1jlok, melyek inform\u00e1ci\u00f3t t\u00e1rolnak az \u00d6n merevlemez\u00e9n. A s\u00fctik lehet\u0151v\u00e9 teszik a weboldalunk sz\u00e1m\u00e1ra, hogy felismerje, amennyiben \u00d6n kor\u00e1bban azt m\u00e1r megl\u00e1togatta. A s\u00fctik seg\u00edtenek nek\u00fcnk meg\u00e9rteni, hogy a weboldalunk melyik r\u00e9sze a legn\u00e9pszer\u0171bb, mert l\u00e1tni engedik, hogy l\u00e1togat\u00f3ink mely oldalakra l\u00e9pnek be \u00e9s mennyi id\u0151t t\u00f6ltenek ott. Ennek tanulm\u00e1nyoz\u00e1s\u00e1val a weboldalunkat jobban tudjuk igaz\u00edtani az \u00d6n ig\u00e9nyeihez, \u00e9s m\u00e9g v\u00e1ltozatosabb felhaszn\u00e1l\u00f3i \u00e9lm\u00e9nyt tudunk ny\u00fajtani \u00d6nnek. P\u00e9ld\u00e1ul a s\u00fctik seg\u00edts\u00e9g\u00e9vel biztos\u00edtani tudjuk, hogy az \u00d6n k\u00f6vetkez\u0151 l\u00e1togat\u00e1sa alkalm\u00e1val megjelen\u0151 inform\u00e1ci\u00f3k meg fognak felelni az \u00d6n felhaszn\u00e1l\u00f3i elv\u00e1r\u00e1sainak.<\/p>\n<p>\u00d6n be\u00e1ll\u00edthatja webes keres\u0151j\u00e9t, hogy elfogadjon minden s\u00fctit, elutas\u00edtsa mindet, vagy \u00e9rtes\u00edtse \u00d6nt, ha s\u00fcti \u00e9rkezik az \u00d6n g\u00e9p\u00e9re. K\u00e9rj\u00fck, vegye figyelembe, hogy ez a weboldal a s\u00fctik haszn\u00e1lat\u00e1val t\u00f6rt\u00e9n\u0151 m\u0171k\u00f6d\u00e9sre k\u00e9sz\u00fclt, \u00edgy azok kikapcsol\u00e1sa hat\u00e1ssal lehet weboldalunk haszn\u00e1lhat\u00f3s\u00e1g\u00e1ra, \u00e9s megakad\u00e1lyozhatja, hogy \u00d6n annak minden el\u0151ny\u00e9t kihaszn\u00e1lja.<\/p>\n<h2>El\u00e9rhet\u0151s\u00e9gek<\/h2>\n<p class=\"list-title\">Amennyiben kapcsolatba szeretne vel\u00fcnk l\u00e9pni, az al\u00e1bbi el\u00e9rhet\u0151s\u00e9gek valamelyik\u00e9n teheti meg:<\/p>\n<ul>\n<li><i>C\u00e9gn\u00e9v:<\/i> Sipos Bal\u00e1zs G\u00e1bor EV.<\/li>\n<li><i>Levelez\u00e9si c\u00edm:<\/i> 2483 G\u00e1rdony, Szabads\u00e1g \u00fat 1.<\/li>\n<li><i>E-mail c\u00edm:<\/i> info[kukac]timba[pont]hu<\/li>\n<li><i>Telefonsz\u00e1m:<\/i> +36 20 359-7516<\/li>\n<li><i>Weboldal:<\/i> timba.hu<\/li>\n<\/ul>\n<p>Az adatfeldolgoz\u00f3(k) adatai \u00e9s el\u00e9rhet\u0151s\u00e9gei megtal\u00e1lhat\u00f3ak az <a href=\"https:\/\/showcase.westerlike.net\/Timba\/impresszum\/\">Impresszumban<\/a>.<\/p>\n<p class=\"list-title\">Amennyiben panasza vagy \u00e9szrev\u00e9tele van adatgy\u0171jt\u00e9s\u00fcnkkel kapcsolatban fordulhat k\u00f6zvetlen\u00fcl hozz\u00e1nk a fentebb megadott el\u00e9rhet\u0151s\u00e9geinken, vagy fordulhat a Nemzeti Adatv\u00e9delmi \u00e9s Inform\u00e1ci\u00f3szabads\u00e1g Hat\u00f3s\u00e1ghoz az al\u00e1bbi el\u00e9rhet\u0151s\u00e9geken:<\/p>\n<ul>\n<li><i>Levelez\u00e9si c\u00edm:<\/i> 1530 Budapest, Pf.: 5.<\/li>\n<li><i>E-mail c\u00edm:<\/i> <a href=\"mailto:ugyfelszolgalat@naih.hu\" title=\"ugyfelszolgalat@naih.hu\">ugyfelszolgalat@naih.hu<\/a><\/li>\n<li><i>Weboldal:<\/i> <a target=\"_blank\" href=\"http:\/\/www.naih.hu\/\" rel=\"noopener noreferrer\" title=\"Nemzeti Adatv\u00e9delmi \u00e9s Inform\u00e1ci\u00f3szabads\u00e1g Hat\u00f3s\u00e1g\">www.naih.hu<\/a><\/li>\n<\/ul>\n<p>K\u00e9rj\u00fck, panasz\u00e1val vagy \u00e9szrev\u00e9tel\u00e9vel kapcsolatban els\u0151sorban hozz\u00e1nk forduljanak, miel\u0151tt hat\u00f3s\u00e1gi vagy b\u00edr\u00f3s\u00e1gi elj\u00e1r\u00e1st kezdem\u00e9nyezn\u00e9nek, ezzel ugyanis elker\u00fclhet\u0151ek a hosszadalmas jogi elj\u00e1r\u00e1sok.<\/p>\n","protected":false},"excerpt":{"rendered":"<p>A(z) timba.hu weboldal Magyarorsz\u00e1gon, a magyarorsz\u00e1gi sz\u00e9khellyel rendelkez\u0151 Sipos Bal\u00e1zs G\u00e1bor egy\u00e9ni v\u00e1llalkoz\u00f3 (2483 G\u00e1rdony, Radn\u00f3ti Mikl\u00f3s utca 51.) (a tov\u00e1bbiakban: Adatkezel\u0151) kezel\u00e9s\u00e9ben m\u0171k\u00f6dik. Jelen&#8230;<\/p>\n","protected":false},"author":1,"featured_media":0,"parent":0,"menu_order":0,"comment_status":"closed","ping_status":"closed","template":"page_fullwidth.php","meta":{"footnotes":""},"class_list":["post-8655","page","type-page","status-publish","hentry"],"_links":{"self":[{"href":"https:\/\/showcase.westerlike.net\/Timba\/wp-json\/wp\/v2\/pages\/8655","targetHints":{"allow":["GET"]}}],"collection":[{"href":"https:\/\/showcase.westerlike.net\/Timba\/wp-json\/wp\/v2\/pages"}],"about":[{"href":"https:\/\/showcase.westerlike.net\/Timba\/wp-json\/wp\/v2\/types\/page"}],"author":[{"embeddable":true,"href":"https:\/\/showcase.westerlike.net\/Timba\/wp-json\/wp\/v2\/users\/1"}],"replies":[{"embeddable":true,"href":"https:\/\/showcase.westerlike.net\/Timba\/wp-json\/wp\/v2\/comments?post=8655"}],"version-history":[{"count":0,"href":"https:\/\/showcase.westerlike.net\/Timba\/wp-json\/wp\/v2\/pages\/8655\/revisions"}],"wp:attachment":[{"href":"https:\/\/showcase.westerlike.net\/Timba\/wp-json\/wp\/v2\/media?parent=8655"}],"curies":[{"name":"wp","href":"https:\/\/api.w.org\/{rel}","templated":true}]}}