{"id":8658,"date":"2020-04-17T07:22:08","date_gmt":"2020-04-17T07:22:08","guid":{"rendered":"https:\/\/showcase.westerlike.net\/Timba\/?page_id=8658"},"modified":"2020-04-17T10:49:53","modified_gmt":"2020-04-17T10:49:53","slug":"jogi-nyilatkozat","status":"publish","type":"page","link":"https:\/\/showcase.westerlike.net\/Timba\/jogi-nyilatkozat\/","title":{"rendered":"Jogi nyilatkozat"},"content":{"rendered":"<p>A(z) <a href=\"https:\/\/showcase.westerlike.net\/Timba\">timba.hu<\/a> weboldal (a tov\u00e1bbiakban: Weboldal) az &#8222;1999. \u00e9vi LXXVI t\u00f6rv\u00e9ny a Szerz\u0151i jogr\u00f3l&#8221; \u00e9rtelm\u00e9ben szerz\u0151i jogv\u00e9delem al\u00e1 tartozik.<\/p>\n<h2>Szerz\u0151i jogok<\/h2>\n<p>A Weboldal megnevez\u00e9se, form\u00e1ja, szerkeszt\u00e9se, rendszere, grafik\u00e1ja \u00e9s grafikai jelz\u00e9srendszere, k\u00fcls\u0151 megjelen\u00edt\u00e9se, az adatb\u00e1zis fel\u00e9p\u00edt\u00e9se, tartalma, minden k\u00e9pi, sz\u00f6veges \u00e9s grafikai tartalom, illetve azok elrendez\u00e9se, valamint minden olyan technol\u00f3giai jellemz\u0151, ami \u00f6sszef\u00fcgg\u00e9sben \u00e1ll a Weboldallal, jogv\u00e9delem alatt \u00e1ll. Ezen szellemi tulajdonnak ak\u00e1r r\u00e9szbeni, ak\u00e1r teljes \u00e1tv\u00e9tele tilos, ezek b\u00e1rmilyen form\u00e1ban t\u00f6rt\u00e9n\u0151 felhaszn\u00e1l\u00e1sa kiz\u00e1r\u00f3lag a jogtulajdonos (a tov\u00e1bbiakban: a Weboldal tulajdonosa) kifejezetten erre vonatkoz\u00f3 \u00edr\u00e1sos enged\u00e9ly\u00e9vel lehets\u00e9ges.<\/p>\n<p>A Weboldal tartalm\u00e1nak eg\u00e9sz\u00e9t vagy r\u00e9szeit, az onnan sz\u00e1rmaz\u00f3 f\u00e1jlokat, adatokat, inform\u00e1ci\u00f3kat a Weboldal tulajdonos\u00e1nak el\u0151zetes \u00edr\u00e1sbeli enged\u00e9lye n\u00e9lk\u00fcl tilos ak\u00e1r v\u00e1ltozatlan form\u00e1ban, ak\u00e1r \u00e1tform\u00e1zva, megv\u00e1ltoztatva k\u00f6zz\u00e9tenni, \u00e9rt\u00e9kes\u00edteni, nyilv\u00e1nos adatb\u00e1zisban t\u00e1rolni, onnan let\u00f6lthet\u0151v\u00e9 tenni, ilyen c\u00e9lb\u00f3l b\u00e1rmilyen m\u00f3don felhaszn\u00e1lni b\u00e1rmilyen jelenleg megl\u00e9v\u0151 vagy a j\u00f6v\u0151ben kialakul\u00f3 kommunik\u00e1ci\u00f3s csatorn\u00e1n.<\/p>\n<p>A Weboldal log\u00f3ja \u00e9s szlogenjei, megk\u00fcl\u00f6nb\u00f6ztet\u0151 elnevez\u00e9sei a Weboldal tulajdonos\u00e1nak szellemi tulajdonai, ezek b\u00e1rmilyen form\u00e1ban t\u00f6rt\u00e9n\u0151 felhaszn\u00e1l\u00e1sa kiz\u00e1r\u00f3lag a Weboldal tulajdonos\u00e1nak kifejezetten erre vonatkoz\u00f3 \u00edr\u00e1sos enged\u00e9ly\u00e9vel lehets\u00e9ges.<\/p>\n<p>A Weboldal diz\u00e1jnj\u00e1nak m\u00e1sol\u00e1sa \u00e9s diz\u00e1jnelemeinek felhaszn\u00e1l\u00e1sa tilos. A Weboldalr\u00f3l sz\u00e1rmaz\u00f3 eredeti sz\u00f6vegek, k\u00e9pek, k\u00e9perny\u0151kiv\u00e1g\u00e1sok \u00e9s egy\u00e9b anyagok haszn\u00e1lat\u00e1hoz a Weboldal tulajdonos\u00e1nak \u00edr\u00e1sos enged\u00e9lye sz\u00fcks\u00e9ges.<\/p>\n<h2>\u00c1ltal\u00e1nos felel\u0151ss\u00e9g kiz\u00e1r\u00e1sa<\/h2>\n<p>A Weboldal tulajdonosa arra k\u00e9ri a L\u00e1togat\u00f3kat, hogy tan\u00fas\u00edtsanak kell\u0151 k\u00f6r\u00fcltekint\u00e9st \u00e9s \u00f3vatoss\u00e1got, amikor a Weboldalr\u00f3l kiindulva b\u00f6ng\u00e9sznek az Interneten, ugyanis a v\u00edrusfert\u0151z\u00e9sek \u00e1ltal okozott k\u00e1rok\u00e9rt a Weboldal tulajdonosa nem v\u00e1llal felel\u0151ss\u00e9get.<\/p>\n<p>Tov\u00e1bb\u00e1 a Weboldal tulajdonosa nem v\u00e1llal felel\u0151ss\u00e9get a Weboldalon hivatkozott webhelyek \u00e9s egy\u00e9b k\u00fcls\u0151 anyagok tartalm\u00e1nak ellen\u0151rz\u00e9s\u00e9\u00e9rt, enn\u00e9l fogva a Weboldal tulajdonosa nem vonhat\u00f3 felel\u0151ss\u00e9gre a k\u00fcls\u0151 webhelyek anyag\u00e1nak pontoss\u00e1g\u00e1\u00e9rt, t\u00f6rv\u00e9nyess\u00e9g\u00e9\u00e9rt, illetve szerz\u0151i jognak megfelel\u0151 \u00e9s j\u00f3 \u00edzl\u00e9st nem s\u00e9rt\u0151 tartalm\u00e1\u00e9rt.<\/p>\n","protected":false},"excerpt":{"rendered":"<p>A(z) timba.hu weboldal (a tov\u00e1bbiakban: Weboldal) az &#8222;1999. \u00e9vi LXXVI t\u00f6rv\u00e9ny a Szerz\u0151i jogr\u00f3l&#8221; \u00e9rtelm\u00e9ben szerz\u0151i jogv\u00e9delem al\u00e1 tartozik. Szerz\u0151i jogok A Weboldal megnevez\u00e9se, form\u00e1ja,&#8230;<\/p>\n","protected":false},"author":1,"featured_media":0,"parent":0,"menu_order":0,"comment_status":"closed","ping_status":"closed","template":"page_fullwidth.php","meta":{"footnotes":""},"class_list":["post-8658","page","type-page","status-publish","hentry"],"_links":{"self":[{"href":"https:\/\/showcase.westerlike.net\/Timba\/wp-json\/wp\/v2\/pages\/8658","targetHints":{"allow":["GET"]}}],"collection":[{"href":"https:\/\/showcase.westerlike.net\/Timba\/wp-json\/wp\/v2\/pages"}],"about":[{"href":"https:\/\/showcase.westerlike.net\/Timba\/wp-json\/wp\/v2\/types\/page"}],"author":[{"embeddable":true,"href":"https:\/\/showcase.westerlike.net\/Timba\/wp-json\/wp\/v2\/users\/1"}],"replies":[{"embeddable":true,"href":"https:\/\/showcase.westerlike.net\/Timba\/wp-json\/wp\/v2\/comments?post=8658"}],"version-history":[{"count":0,"href":"https:\/\/showcase.westerlike.net\/Timba\/wp-json\/wp\/v2\/pages\/8658\/revisions"}],"wp:attachment":[{"href":"https:\/\/showcase.westerlike.net\/Timba\/wp-json\/wp\/v2\/media?parent=8658"}],"curies":[{"name":"wp","href":"https:\/\/api.w.org\/{rel}","templated":true}]}}