{"id":8676,"date":"2020-04-18T10:07:36","date_gmt":"2020-04-18T10:07:36","guid":{"rendered":"https:\/\/showcase.westerlike.net\/Timba\/?page_id=8676"},"modified":"2020-09-02T15:08:51","modified_gmt":"2020-09-02T15:08:51","slug":"aszf","status":"publish","type":"page","link":"https:\/\/showcase.westerlike.net\/Timba\/aszf\/","title":{"rendered":"\u00c1ltal\u00e1nos Szerz\u0151d\u00e9si Felt\u00e9telek"},"content":{"rendered":"<h4>1. BEVEZET\u0150 RENDELKEZ\u00c9SEK<\/h4>\n<p>K\u00f6sz\u00f6nj\u00fck, hogy megtisztelt benn\u00fcnket \u00e9s web\u00e1ruh\u00e1zunkat v\u00e1lasztotta.<\/p>\n<p>K\u00e9rj\u00fck, figyelmesen olvassa el az \u00c1ltal\u00e1nos Szerz\u0151d\u00e9si Felt\u00e9teleinket (a tov\u00e1bbiakban: \u00c1szf.) \u00e9s kiz\u00e1r\u00f3lag abban az esetben vegye ig\u00e9nybe szolg\u00e1ltat\u00e1sainkat, amennyiben minden pontj\u00e1val egyet\u00e9rt, \u00e9s k\u00f6telez\u0151 \u00e9rv\u00e9ny\u0171nek tekinti mag\u00e1ra n\u00e9zve. A meghirdetett akci\u00f3kban, nyerem\u00e9nyj\u00e1t\u00e9kokban r\u00e9sztvev\u0151 szem\u00e9lyek elfogadj\u00e1k v\u00e1s\u00e1rl\u00e1sukkal a <a href=\"https:\/\/showcase.westerlike.net\/Timba\">www.timba.hu<\/a> \u00e1ltal szabott felt\u00e9teleket, azt magukra n\u00e9zve k\u00f6telez\u0151 \u00e9rv\u00e9ny\u0171nek tekintik. A web\u00e1ruh\u00e1z term\u00e9keivel, rendel\u00e9si \u00e9s sz\u00e1ll\u00edt\u00e1si folyamat\u00e1val kapcsolatosan k\u00e9rd\u00e9seire a weblapunkon felt\u00fcntetett el\u00e9rhet\u0151s\u00e9geken k\u00e9szs\u00e9ggel \u00e1llunk rendelkez\u00e9s\u00e9re.<\/p>\n<p>Jelen dokumentum nem ker\u00fcl iktat\u00e1sra, kiz\u00e1r\u00f3lag elektronikus form\u00e1ban ker\u00fcl megk\u00f6t\u00e9sre, nem min\u0151s\u00fcl \u00edr\u00e1sbeli szerz\u0151d\u00e9snek, magyar nyelven \u00edr\u00f3dik, magatart\u00e1si k\u00f3dexre nem utal. A <a href=\"showcase.westerlike.net\/Timba\">www.timba.hu<\/a> domain n\u00e9v alatt m\u0171k\u00f6d\u0151 web\u00e1ruh\u00e1z m\u0171k\u00f6d\u00e9s\u00e9vel, megrendel\u00e9si, \u00e9s sz\u00e1ll\u00edt\u00e1si folyamat\u00e1val kapcsolatosan felmer\u00fcl\u0151 k\u00e9rd\u00e9sek eset\u00e9n a megadott el\u00e9rhet\u0151s\u00e9geiken rendelkez\u00e9sre \u00e1llunk.<\/p>\n<p>Jelen \u00c1szf. hat\u00e1lya Szolg\u00e1ltat\u00f3 weblapj\u00e1n (<a href=\"https:\/\/showcase.westerlike.net\/Timba\/\">https:\/\/showcase.westerlike.net\/Timba\/<\/a>) \u00e9s aldomainjein t\u00f6rt\u00e9n\u0151 jogviszonyokra terjed ki. Jelen \u00c1szf. folyamatosan el\u00e9rhet\u0151 a k\u00f6vetkez\u0151 weboldalr\u00f3l: <a href=\"https:\/\/showcase.westerlike.net\/Timba\/\">https:\/\/showcase.westerlike.net\/Timba\/<\/a>.<\/p>\n<p>Figyelemmel arra, hogy a web\u00e1ruh\u00e1zban tal\u00e1lhat\u00f3 term\u00e9kekkel \u00f6sszef\u00fcgg\u00e9sben t\u00f6bb t\u00edpus\u00fa jogviszony j\u00f6n l\u00e9tre Sipos Bal\u00e1zs G\u00e1bor egy\u00e9ni v\u00e1llalkoz\u00f3 \u00e9s a term\u00e9ket, illetve szolg\u00e1ltat\u00e1st megrendel\u0151 szem\u00e9lyek k\u00f6z\u00f6tt, ez\u00e9rt a jelen szerz\u0151d\u00e9sben Sipos Bal\u00e1zs G\u00e1bor egy\u00e9ni v\u00e1llalkoz\u00f3 a tov\u00e1bbiakban <strong>Szolg\u00e1ltat\u00f3<\/strong>, m\u00edg a megrendel\u0151k <strong>Felhaszn\u00e1l\u00f3 <\/strong>elnevez\u00e9ssel ker\u00fclnek megjel\u00f6l\u00e9sre.<\/p>\n<p>&nbsp;<\/p>\n<h4>2. SZOLG\u00c1LTAT\u00d3 ADATAI<\/h4>\n<h5>2.1. Szolg\u00e1ltat\u00f3 adatai<\/h5>\n<p>A szolg\u00e1ltat\u00f3 neve: Sipos Bal\u00e1zs G\u00e1bor EV.<\/p>\n<p>A szolg\u00e1ltat\u00f3 sz\u00e9khelye: 2483 G\u00e1rdony, Radn\u00f3ti Mikl\u00f3s utca 51.<\/p>\n<p>A szolg\u00e1ltat\u00f3 el\u00e9rhet\u0151s\u00e9ge, az ig\u00e9nybe vev\u0151kkel val\u00f3 kapcsolattart\u00e1sra szolg\u00e1l\u00f3, rendszeresen haszn\u00e1lt elektronikus levelez\u00e9si c\u00edme: info[kukac]timba[pont]hu<\/p>\n<p>Nyilv\u00e1ntart\u00e1si sz\u00e1m: 41483480<\/p>\n<p>Ad\u00f3sz\u00e1m: 66955526-1-27<\/p>\n<p>Nyilv\u00e1ntart\u00e1sban bejegyz\u0151 hat\u00f3s\u00e1g neve: Fej\u00e9r Megyei Korm\u00e1nyhivatal G\u00e1rdonyi J\u00e1r\u00e1si Hivatal<\/p>\n<p>Telefonsz\u00e1m: +36 20\u00a0359-7516<\/p>\n<p>Banksz\u00e1mlasz\u00e1m:<\/p>\n<ul>\n<li>Gr\u00e1nit Bank Zrt. 12100011-10187162-00000000 \u2013 forint alap\u00fa<\/li>\n<\/ul>\n<p>A szerz\u0151d\u00e9s nyelve: magyar<\/p>\n<p>A t\u00e1rhelyet szolg\u00e1ltatja: Evolutionet Kft.<br \/>\nE-mail: <a href=\"mailto:ugyfelszolgalat@szerverzum.hu\">ugyfelszolgalat@szerverzum.hu<\/a><\/p>\n<p>Weboldal: <a href=\"www.szerverzum.hu\">www.szerverzum.hu<\/a><\/p>\n<p>&nbsp;<\/p>\n<h4>3. ALAPVET\u0150 \u00c9S \u00c9RTELMEZ\u0150 RENDELKEZ\u00c9SEK<\/h4>\n<ol>\n<li>Jelen szerz\u0151d\u00e9si felt\u00e9telek (a tov\u00e1bbiakban: <strong>\u201e\u00c1ltal\u00e1nos Szerz\u0151d\u00e9si Felt\u00e9telek\u201d<\/strong>) hat\u00e1lya kiterjed a Sipos Bal\u00e1zs G\u00e1bor egy\u00e9ni v\u00e1llalkoz\u00f3 mint Szolg\u00e1ltat\u00f3 (a tov\u00e1bbiakban: <strong>\u201eSzolg\u00e1ltat\u00f3\u201d<\/strong>) \u00e9s partnerei, mint Felhaszn\u00e1l\u00f3 (a tov\u00e1bbiakban: <strong>\u201eFelhaszn\u00e1l\u00f3\u201d<\/strong>) (a tov\u00e1bbiakban egy\u00fctt: <strong>\u201eSzerz\u0151d\u0151 Felek\u201d<\/strong>) k\u00f6z\u00f6tt grafikai tervez\u00e9si, nyomdai kivitelez\u00e9si, illet\u0151leg dekor\u00e1ci\u00f3s munk\u00e1k (a tov\u00e1bbiakban: <strong>\u201eGrafikai munk\u00e1k\u201d<\/strong>) kivitelez\u00e9s\u00e9re vonatkoz\u00f3an l\u00e9tes\u00edtett \u00fczleti kapcsolatokra, v\u00e1llalkoz\u00e1sok k\u00f6z\u00f6tti<\/li>\n<li>Szolg\u00e1ltat\u00f3 grafikai tervez\u00e9ssel (ezen bel\u00fcl rekl\u00e1mgrafikai, web-design \u00e9s arculattervez\u00e9s) nyomdai kivitelez\u00e9ssel (digit\u00e1lis, tekercses digit\u00e1lis), valamint dekor\u00e1ci\u00f3k, embl\u00e9m\u00e1z\u00e1s (ki\u00e1ll\u00edt\u00e1si eszk\u00f6z\u00f6k, f\u00f3lia- \u00e9s j\u00e1rm\u0171-dekor\u00e1ci\u00f3k, rekl\u00e1mt\u00e1bl\u00e1k \u00e9s aj\u00e1nd\u00e9kok) tervez\u00e9s\u00e9vel \u00e9s kivitelez\u00e9s\u00e9vel foglalkozik. A nyomdai \u00e9s dekor\u00e1ci\u00f3s kivitelez\u00e9si munk\u00e1k eset\u00e9n Szolg\u00e1ltat\u00f3 korl\u00e1toz\u00e1s n\u00e9lk\u00fcl jogosult bel\u00e1t\u00e1sa \u00e9s szakmai meg\u00edt\u00e9l\u00e9se szerint megfelel\u0151 alv\u00e1llalkoz\u00f3 teljes\u00edt\u00e9sbe t\u00f6rt\u00e9n\u0151 bevon\u00e1s\u00e1ra.<\/li>\n<li>A Szolg\u00e1ltat\u00f3 k\u00fcl\u00f6n k\u00f6teles t\u00e1j\u00e9koztatni Felhaszn\u00e1l\u00f3t arr\u00f3l az \u00e1ltal\u00e1nos szerz\u0151d\u00e9si felt\u00e9telr\u0151l, amely a szok\u00e1sos szerz\u0151d\u00e9si gyakorlatt\u00f3l, a szerz\u0151d\u00e9sre vonatkoz\u00f3 rendelkez\u00e9sekt\u0151l l\u00e9nyegesen vagy valamely kor\u00e1bban a Szerz\u0151d\u0151 Felek k\u00f6z\u00f6tt alkalmazott kik\u00f6t\u00e9st\u0151l elt\u00e9r. Ilyen felt\u00e9tel csak akkor v\u00e1lik a szerz\u0151d\u00e9s r\u00e9sz\u00e9v\u00e9, ha azt a m\u00e1sik f\u00e9l \u2013 a k\u00fcl\u00f6n figyelemfelh\u00edv\u00f3 t\u00e1j\u00e9koztat\u00e1st k\u00f6vet\u0151en \u2013 kifejezetten elfogadta. Felhaszn\u00e1l\u00f3 kijelenti, hogy a jelen \u00c1ltal\u00e1nos Szerz\u0151d\u00e9si Felt\u00e9telekben foglalt rendelkez\u00e9seket megismerte, az nem tartalmaz olyan el\u0151\u00edr\u00e1sokat, amelyek a szok\u00e1sos szerz\u0151d\u00e9si gyakorlatt\u00f3l, illetve a szerz\u0151d\u00e9sre vonatkoz\u00f3 rendelkez\u00e9sekt\u0151l l\u00e9nyegesen elt\u00e9rnek.<\/li>\n<li>A jelen szerz\u0151d\u00e9sben nem szab\u00e1lyozott k\u00e9rd\u00e9sekre, valamint jelen szerz\u0151d\u00e9s \u00e9rtelmez\u00e9s\u00e9re a magyar jog az ir\u00e1nyad\u00f3, k\u00fcl\u00f6n\u00f6s tekintettel a Polg\u00e1ri T\u00f6rv\u00e9nyk\u00f6nyvr\u0151l sz\u00f3l\u00f3 2013. \u00e9vi V. t\u00f6rv\u00e9ny (a tov\u00e1bbiakban: Ptk.) \u00e9s az elektronikus kereskedelmi szolg\u00e1ltat\u00e1sok, az inform\u00e1ci\u00f3s t\u00e1rsadalommal \u00f6sszef\u00fcgg\u0151 szolg\u00e1ltat\u00e1sok egyes k\u00e9rd\u00e9seir\u0151l sz\u00f3l\u00f3 \u00e9vi CVIII. t\u00f6rv\u00e9ny (a tov\u00e1bbiakban: Elker. tv.), valamint a fogyaszt\u00f3 \u00e9s a v\u00e1llalkoz\u00e1s k\u00f6z\u00f6tti szerz\u0151d\u00e9sek r\u00e9szletes szab\u00e1lyair\u00f3l sz\u00f3l\u00f3 45\/2014. (II. 26.) Korm. rendelet vonatkoz\u00f3 rendelkez\u00e9seire. A vonatkoz\u00f3 jogszab\u00e1lyok k\u00f6telez\u0151 rendelkez\u00e9sei a felekre k\u00fcl\u00f6n kik\u00f6t\u00e9s n\u00e9lk\u00fcl is ir\u00e1nyad\u00f3k.<\/li>\n<li>A jelen szerz\u0151d\u00e9s \u00e1prilis 17. napj\u00e1t\u00f3l hat\u00e1lyos \u00e9s visszavon\u00e1sig hat\u00e1lyban marad. A Szolg\u00e1ltat\u00f3 jogosult egyoldal\u00faan m\u00f3dos\u00edtani a szerz\u0151d\u00e9st. A m\u00f3dos\u00edt\u00e1sokat a Szolg\u00e1ltat\u00f3 azok hat\u00e1lyba l\u00e9p\u00e9se el\u0151tt 11 (tizenegy) nappal a weboldalon k\u00f6zz\u00e9teszi. Felhaszn\u00e1l\u00f3k a weboldal haszn\u00e1lat\u00e1val elfogadj\u00e1k, hogy r\u00e1juk n\u00e9zve a weboldal haszn\u00e1lat\u00e1val kapcsolatos valamennyi szab\u00e1lyoz\u00e1s automatikusan \u00e9rv\u00e9nyes.<\/li>\n<li>Felhaszn\u00e1l\u00f3, amennyiben bel\u00e9p a Szolg\u00e1ltat\u00f3 \u00e1ltal \u00fczemeltetett web\u00e1ruh\u00e1z weboldalra, vagy annak tartalm\u00e1t b\u00e1rmilyen m\u00f3don olvassa \u2013 akkor is, ha nem regisztr\u00e1lt felhaszn\u00e1l\u00f3ja a web\u00e1ruh\u00e1znak, a szerz\u0151d\u00e9sben foglaltakat mag\u00e1ra n\u00e9zve k\u00f6telez\u0151nek ismeri el. Amennyiben a Felhaszn\u00e1l\u00f3 nem fogadja el a felt\u00e9teleket, nem jogosult a web\u00e1ruh\u00e1z tartalm\u00e1nak megtekint\u00e9s\u00e9re.<\/li>\n<li>Szolg\u00e1ltat\u00f3 fenntart mag\u00e1nak minden jogot a web\u00e1ruh\u00e1z weboldal, annak b\u00e1rmely r\u00e9szlete \u00e9s az azon megjelen\u0151 tartalmak, valamint a weboldal terjeszt\u00e9s\u00e9nek tekintet\u00e9ben. Tilos a web\u00e1ruh\u00e1zon megjelen\u0151 tartalmak vagy azok b\u00e1rmely r\u00e9szlet\u00e9nek let\u00f6lt\u00e9se, elektronikus t\u00e1rol\u00e1sa, feldolgoz\u00e1sa \u00e9s \u00e9rt\u00e9kes\u00edt\u00e9se a Szolg\u00e1ltat\u00f3 \u00edr\u00e1sos hozz\u00e1j\u00e1rul\u00e1sa n\u00e9lk\u00fcl. Abban az esetben, ha b\u00e1rmely Felhaszn\u00e1l\u00f3 a weboldalon tal\u00e1lhat\u00f3 tartalmat jogosulatlanul haszn\u00e1l fel a 17. pontban meghat\u00e1rozott jogk\u00f6vetkezm\u00e9nyekkel kell sz\u00e1molnia.<\/li>\n<\/ol>\n<p>&nbsp;<\/p>\n<h4>4. MEGV\u00c1S\u00c1ROLHAT\u00d3 TERM\u00c9KEK, SZOLG\u00c1LTAT\u00c1SOK K\u00d6RE<\/h4>\n<ol>\n<li>A megjelen\u00edtett term\u00e9kek online rendelhet\u0151k meg. A term\u00e9kekre vonatkoz\u00f3an megjelen\u00edtett \u00e1rak forintban \u00e9rtend\u0151k \u00e9s a v\u00e1llalkoz\u00e1s alanyi mentess\u00e9g\u00e9b\u0151l ad\u00f3d\u00f3an nem tartalmazz\u00e1k a t\u00f6rv\u00e9nyben el\u0151\u00edrt \u00e1f\u00e1t, nem tartalmazz\u00e1k a h\u00e1zhoz sz\u00e1ll\u00edt\u00e1s \u00e9s csomagol\u00e1s d\u00edj\u00e1t.<\/li>\n<li>A web\u00e1ruh\u00e1zban a Szolg\u00e1ltat\u00f3 r\u00e9szletesen felt\u00fcnteti a term\u00e9k nev\u00e9t, le\u00edr\u00e1s\u00e1t, a term\u00e9kekr\u0151l fot\u00f3t jelen\u00edt A term\u00e9kek adatlapj\u00e1n megjelen\u00edtett k\u00e9pek elt\u00e9rhetnek a val\u00f3s\u00e1gost\u00f3l, illusztr\u00e1ci\u00f3k\u00e9nt szerepelhetnek. A Szolg\u00e1ltat\u00f3 nem v\u00e1llal felel\u0151ss\u00e9get a web\u00e1ruh\u00e1zban megjelen\u0151 k\u00e9p \u00e9s a term\u00e9k t\u00e9nyleges kin\u00e9zete miatti k\u00fcl\u00f6nb\u00f6z\u0151s\u00e9g miatt.<\/li>\n<li>A web\u00e1ruh\u00e1zban a Szolg\u00e1ltat\u00f3 r\u00e9szletesen felt\u00fcnteti az \u00e1ltala ny\u00fajtott \u00e9s a Felhaszn\u00e1l\u00f3 \u00e1ltal ig\u00e9nybe vehet\u0151 szolg\u00e1ltat\u00e1sok nev\u00e9t, le\u00edr\u00e1s\u00e1t.<\/li>\n<li>Amennyiben akci\u00f3s \u00e1r ker\u00fcl bevezet\u00e9sre, Szolg\u00e1ltat\u00f3 teljes k\u00f6r\u0171en t\u00e1j\u00e9koztatja Felhaszn\u00e1l\u00f3kat az akci\u00f3r\u00f3l \u00e9s annak pontos id\u0151tartam\u00e1r\u00f3l. Felhaszn\u00e1l\u00f3 a regisztr\u00e1ci\u00f3j\u00e1t k\u00f6vet\u0151en bejelentkezik a web\u00e1ruh\u00e1zba \/ vagy regisztr\u00e1ci\u00f3 n\u00e9lk\u00fcl is megkezdheti a v\u00e1s\u00e1rl\u00e1st.<\/li>\n<\/ol>\n<p>&nbsp;<\/p>\n<h4>5. EGYEDI MEGRENDEL\u00c9S<\/h4>\n<ol>\n<li><strong>Amennyiben a Felhaszn\u00e1l\u00f3 egyedi, vagy a web\u00e1ruh\u00e1zban megjelent term\u00e9kek egyedi v\u00e1ltozat\u00e1t, illetve b\u00e1rmilyen tov\u00e1bbi a web\u00e1ruh\u00e1zban megjelent vagy nem megjelent szolg\u00e1ltat\u00e1st k\u00edv\u00e1n ig\u00e9nybe venni, valamint egy\u00e9b elk\u00e9pzel\u00e9s\u00e9t szeretn\u00e9 megval\u00f3s\u00edtani a Szolg\u00e1ltat\u00f3 k\u00f6zrem\u0171k\u00f6d\u00e9s\u00e9vel, akkor a felek k\u00f6z\u00f6tt egyedi szerz\u0151d\u00e9s j\u00f6n l\u00e9tre.<\/strong><\/li>\n<li>Amennyiben a Szerz\u0151d\u0151 Felek k\u00f6z\u00f6tt a jogviszony egyedi felt\u00e9teleit r\u00f6gz\u00edt\u0151 szerz\u0151d\u00e9s (a tov\u00e1bbiakban: <strong>\u201eEgyedi Szerz\u0151d\u00e9s\u201d<\/strong>) j\u00f6n l\u00e9tre, \u00fagy a jelen \u00c1ltal\u00e1nos Szerz\u0151d\u00e9si Felt\u00e9telek \u00e9s az Egyedi Szerz\u0151d\u00e9s egy\u00fctt k\u00e9pezik a Szerz\u0151d\u0151 Felek k\u00f6z\u00f6tt a szolg\u00e1ltat\u00e1s t\u00e1rgya tekintet\u00e9ben l\u00e9trej\u00f6tt teljes meg\u00e1llapod\u00e1st.<\/li>\n<li>Amennyiben a jelen \u00c1ltal\u00e1nos Szerz\u0151d\u00e9si Felt\u00e9telek hat\u00e1lybal\u00e9p\u00e9se ut\u00e1n k\u00f6t\u00f6tt vagy m\u00f3dos\u00edtott Egyedi Szerz\u0151d\u00e9s \u00e9s a jelen \u00c1ltal\u00e1nos Szerz\u0151d\u00e9si Felt\u00e9telek k\u00f6z\u00f6tt tartalmi ellentmond\u00e1s mer\u00fcl fel, \u00fagy az adott jogviszony tekintet\u00e9ben az Egyedi Szerz\u0151d\u00e9s rendelkez\u00e9sei \u00e9lveznek els\u0151bbs\u00e9get. Az Egyedi Szerz\u0151d\u00e9sben nem rendezett k\u00e9rd\u00e9sek tekintet\u00e9ben az \u00c1ltal\u00e1nos Szerz\u0151d\u00e9si Felt\u00e9telekben foglalt rendelkez\u00e9sek ir\u00e1nyad\u00f3ak.<\/li>\n<li>Felhaszn\u00e1l\u00f3 kijelenti, hogy az Egyedi Szerz\u0151d\u00e9s megk\u00f6t\u00e9s\u00e9t megel\u0151z\u0151en Felhaszn\u00e1l\u00f3 a jelen \u00c1ltal\u00e1nos Szerz\u0151d\u00e9si Felt\u00e9telek tartalm\u00e1nak megismerte \u00e9s az \u00c1ltal\u00e1nos Szerz\u0151d\u00e9si Felt\u00e9teleket kifejezetten<\/li>\n<li>A grafikai munk\u00e1k kivitelez\u00e9s\u00e9re vonatkoz\u00f3 egyedi felt\u00e9teleket Felhaszn\u00e1l\u00f3 \u00e9s Szolg\u00e1ltat\u00f3 k\u00f6z\u00f6tt \u00edr\u00e1sbeli form\u00e1ban l\u00e9trej\u00f6tt Egyedi Szerz\u0151d\u00e9s<\/li>\n<li>Amennyiben a grafikai munk\u00e1k kivitelez\u00e9se tekintet\u00e9ben Felhaszn\u00e1l\u00f3 \u00e9s Szolg\u00e1ltat\u00f3 k\u00f6z\u00f6tt Egyedi Szerz\u0151d\u00e9s nem ker\u00fclne megk\u00f6t\u00e9sre, \u00fagy az adott grafikai munka t\u00e1rgy\u00e1ra, illet\u0151leg tartalm\u00e1ra vonatkoz\u00f3lag kiz\u00e1r\u00f3lag az \u00edr\u00e1sbeli megrendel\u00e9s, \u00e9s annak visszaigazol\u00e1sa, illet\u0151leg a Szerz\u0151d\u0151 Felek k\u00f6z\u00f6tti \u00edr\u00e1sbeli kommunik\u00e1ci\u00f3ban (elektronikus levelekben) foglalt rendelkez\u00e9sek ir\u00e1nyad\u00f3k.<\/li>\n<li>Szolg\u00e1ltat\u00f3 Felhaszn\u00e1l\u00f3inak \u2013 az aj\u00e1nlatt\u00e9telt megel\u0151z\u0151en \u2013 egy alkalommal konzult\u00e1ci\u00f3s lehet\u0151s\u00e9get biztos\u00edt k\u00f6lcs\u00f6n\u00f6sen egyeztetett helysz\u00ednen \u00e9s id\u0151pontban, amely konzult\u00e1ci\u00f3 sor\u00e1n ker\u00fcl sor a Felhaszn\u00e1l\u00f3 ig\u00e9nyeinek felm\u00e9r\u00e9s\u00e9re, majd ezt k\u00f6vet\u0151en Szolg\u00e1ltat\u00f3 r\u00e9sz\u00e9r\u0151l a t\u00e9teles aj\u00e1nlat megt\u00e9tel\u00e9re.<\/li>\n<li>Az aj\u00e1nlat tartalmazza a term\u00e9ket, annak le\u00edr\u00e1s\u00e1t, kiadv\u00e1nyokn\u00e1l a kiadv\u00e1ny terjedelm\u00e9t, m\u00e9ret\u00e9t, k\u00f6t\u00e9szeti form\u00e1j\u00e1t, mindazon adatokat, amelyek alapj\u00e1n a grafikai munka elv\u00e9gezhet\u0151, a Felhaszn\u00e1l\u00f3 azonos\u00edt\u00f3 adatait, a grafikai munk\u00e1ra vonatkoz\u00f3 konkr\u00e9t \u00e1raj\u00e1nlatot, illet\u0151leg a Felhaszn\u00e1l\u00f3 r\u00e9sz\u00e9re felaj\u00e1nlott esetleges kedvezm\u00e9nyeket.<\/li>\n<li>Szolg\u00e1ltat\u00f3 \u00e1ltal tett aj\u00e1nlatok \u2013 Szolg\u00e1ltat\u00f3 hozz\u00e1j\u00e1rul\u00e1sa n\u00e9lk\u00fcl \u2013 harmadik szem\u00e9lyre nem ruh\u00e1zhat\u00f3k \u00e1t, azok kiz\u00e1r\u00f3lag Felhaszn\u00e1l\u00f3 vonatkoz\u00e1s\u00e1ban \u00e9rv\u00e9nyesek.<\/li>\n<li>Szolg\u00e1ltat\u00f3 a megrendel\u00e9seket kiz\u00e1r\u00f3lag online fogadja<\/li>\n<li>Szerz\u0151d\u0151 Felek az Egyedi Szerz\u0151d\u00e9sben, Egyedi Szerz\u0151d\u00e9s hi\u00e1ny\u00e1ban Szolg\u00e1ltat\u00f3 az aj\u00e1nlaton, Felhaszn\u00e1l\u00f3 az aj\u00e1nlat elfogad\u00e1sa alkalm\u00e1val k\u00f6teles megjel\u00f6lni a kapcsolattart\u00f3 szem\u00e9ly nev\u00e9t, levelez\u00e9si c\u00edm\u00e9t, e-mail c\u00edm\u00e9t, telefonsz\u00e1m\u00e1t. A szerz\u0151d\u00e9s teljes\u00edt\u00e9se sor\u00e1n kapcsolattart\u00f3 szem\u00e9lyek jogosultak elj\u00e1rni a teljes\u00edt\u00e9ssel kapcsolatos minden k\u00e9rd\u00e9sben.<\/li>\n<li><strong>Megrendel\u00e9s lemond\u00e1sa, visszautas\u00edt\u00e1sa:<br \/>\nA Felhaszn\u00e1l\u00f3 megrendel\u00e9s\u00e9t a Szolg\u00e1ltat\u00f3 \u00e1ltal k\u00fcld\u00f6tt automatikus visszaigazol\u00e1st k\u00f6vet\u0151 24 (huszonn\u00e9gy) \u00f3r\u00e1n bel\u00fcl mondhatja le, abban az esetben, amennyiben a rendel\u00e9s gy\u00e1rt\u00e1sa nem kezd\u0151d\u00f6tt meg.<br \/>\n<\/strong>Szolg\u00e1ltat\u00f3 fenntartja a jogot, hogy a megrendel\u00e9st visszautas\u00edtsa, folyamatban l\u00e9v\u0151 megrendel\u00e9sek teljes\u00edt\u00e9s\u00e9t k\u00fcl\u00f6n \u00e9rtes\u00edt\u00e9s n\u00e9lk\u00fcli felf\u00fcggessze, a megrendel\u00e9s teljes\u00edtett r\u00e9sz\u00e9t visszatartsa vagy a megrendel\u00e9st\u0151l el\u00e1lljon, illetve a fizet\u00e9si felt\u00e9teleket fel\u00fclb\u00edr\u00e1lja abban az esetben, ha megalapozott k\u00e9ts\u00e9ge mer\u00fcl fel a Felhaszn\u00e1l\u00f3 fizet\u00e9si k\u00e9szs\u00e9g\u00e9vel \u00e9s k\u00e9pess\u00e9g\u00e9vel kapcsolatban. Ebben az esetben Szolg\u00e1ltat\u00f3 b\u00e1rmilyen kor\u00e1bbi meg\u00e1llapod\u00e1st\u00f3l (pl. \u00e1raj\u00e1nlat, fizet\u00e9si meg\u00e1llapod\u00e1s), szerz\u0151d\u00e9st\u0151l jogosult egyoldal\u00faan el\u00e1llni.<\/li>\n<li><strong>Kedvezm\u00e9nyek:<\/strong><br \/>\nA Szolg\u00e1ltat\u00f3 m\u00e9rlegel\u00e9se alapj\u00e1n kedvezm\u00e9nyeket biztos\u00edthat az \u00e1ltala pr\u00e9mium v\u00e1s\u00e1rl\u00f3nak nyilv\u00e1n\u00edtott Felhaszn\u00e1l\u00f3knak a web\u00e1ruh\u00e1z\u00e1ban tal\u00e1lhat\u00f3 term\u00e9kek online megrendel\u00e9s\u00e9vel \u00f6sszef\u00fcgg\u00e9sben, amely kedvezm\u00e9ny a \u201eKos\u00e1rba\u201d helyezett term\u00e9kek v\u00e9g\u00f6sszeg\u00e9b\u0151l ker\u00fcl levon\u00e1sra.<\/li>\n<\/ol>\n<p>&nbsp;<\/p>\n<h4>6. REGISZTR\u00c1CI\u00d3<\/h4>\n<ol>\n<li>Felhaszn\u00e1l\u00f3 regisztr\u00e1lni a \u201eRegisztr\u00e1ci\u00f3\u201d men\u00fcpontra kattintva a Vezet\u00e9kn\u00e9v, a Keresztn\u00e9v vagy C\u00e9gn\u00e9v, ad\u00f3sz\u00e1m, az email c\u00edm\u00e9nek \u00e9s jelszav\u00e1nak, valamint a telefonsz\u00e1m\u00e1nak \u00e9s a sz\u00e1ml\u00e1z\u00e1si \u00e9s sz\u00e1ll\u00edt\u00e1si c\u00edm\u00e9nek megad\u00e1s\u00e1val<\/li>\n<li>Felhaszn\u00e1l\u00f3 a regisztr\u00e1ci\u00f3t k\u00f6vet\u0151en a \u201eBejelentkez\u00e9s\u201d men\u00fcpontra kattintva a regisztr\u00e1lt email c\u00edm\u00e9nek \u00e9s jelszav\u00e1nak megad\u00e1s\u00e1val tud bejelentkezni a weboldalra. Bejelentkez\u00e9s ut\u00e1n megtekintheti \u00e9s nyomon k\u00f6vetheti a Felhaszn\u00e1l\u00f3 saj\u00e1t megrendel\u00e9seit, m\u00f3dos\u00edtani tudja sz\u00e1ll\u00edt\u00e1si \u00e9s sz\u00e1ml\u00e1z\u00e1si c\u00edm\u00e9t, jelszav\u00e1t.<\/li>\n<li>A Felhaszn\u00e1l\u00f3 a regisztr\u00e1ci\u00f3j\u00e1t b\u00e1rmikor t\u00f6r\u00f6lni tudja az <a href=\"mailto:info@showcase.westerlike.net\/Timba\">info@showcase.westerlike.net\/Timba<\/a> elektronikus lev\u00e9lc\u00edmre k\u00fcld\u00f6tt \u00fczenettel. Az \u00fczenet meg\u00e9rkez\u00e9s\u00e9t k\u00f6vet\u0151en a Szolg\u00e1ltat\u00f3 k\u00f6teles halad\u00e9ktalanul gondoskodni a regisztr\u00e1ci\u00f3 t\u00f6rl\u00e9s\u00e9r\u0151l. A Felhaszn\u00e1l\u00f3 felhaszn\u00e1l\u00f3i adatai, a t\u00f6rl\u00e9st k\u00f6vet\u0151en azonnal elt\u00e1vol\u00edt\u00e1sra ker\u00fclnek a rendszerb\u0151l, ez azonban nem \u00e9rinti a m\u00e1r leadott rendel\u00e9sekhez kapcsol\u00f3d\u00f3 adatok \u00e9s dokumentumok meg\u0151rz\u00e9s\u00e9t, nem eredm\u00e9nyezi ezeknek az adatoknak a t\u00f6rl\u00e9s\u00e9t. Az elt\u00e1vol\u00edt\u00e1s ut\u00e1n az adatok vissza\u00e1ll\u00edt\u00e1s\u00e1ra t\u00f6bb\u00e9 nincs m\u00f3d.<\/li>\n<li>A felhaszn\u00e1l\u00f3i hozz\u00e1f\u00e9r\u00e9si adatok (\u00edgy k\u00fcl\u00f6n\u00f6sen a jelsz\u00f3) titokban tart\u00e1s\u00e1\u00e9rt kiz\u00e1r\u00f3lag a Felhaszn\u00e1l\u00f3 a felel\u0151s. Amennyiben Felhaszn\u00e1l\u00f3 tudom\u00e1st szerez arr\u00f3l, hogy a regisztr\u00e1ci\u00f3 sor\u00e1n megadott jelszav\u00e1hoz jogosulatlan harmadik szem\u00e9ly hozz\u00e1juthatott, k\u00f6teles halad\u00e9ktalanul megv\u00e1ltoztatni jelszav\u00e1t, ha pedig felt\u00e9telezhet\u0151, hogy a harmadik szem\u00e9ly a jelsz\u00f3 haszn\u00e1lat\u00e1val b\u00e1rmilyen m\u00f3don vissza\u00e9l, k\u00f6teles egyidej\u0171leg \u00e9rtes\u00edteni a Szolg\u00e1ltat\u00f3t.<\/li>\n<\/ol>\n<p>&nbsp;<\/p>\n<h4>7. RENDEL\u00c9S MENETE<\/h4>\n<ol>\n<li>A Felhaszn\u00e1l\u00f3nak lehet\u0151s\u00e9ge van v\u00e1lasztani, illetve rendelni az web\u00e1ruh\u00e1z term\u00e9kei k\u00f6z\u00fcl. A felhaszn\u00e1l\u00f3 a kiv\u00e1lasztott term\u00e9kre kattintva megtekintheti annak b\u0151vebb ismertet\u0151j\u00e9t. A felhaszn\u00e1l\u00f3 v\u00e1s\u00e1rl\u00e1si sz\u00e1nd\u00e9ka eset\u00e9n a megv\u00e1s\u00e1rolni k\u00edv\u00e1nt term\u00e9k(eke)t \u00e9s a darabsz\u00e1m kiv\u00e1laszt\u00e1sa ut\u00e1n a \u201eKos\u00e1rba\u201d gomb megnyom\u00e1s\u00e1val egy virtu\u00e1lis kos\u00e1rbaA Kos\u00e1r \u201eTov\u00e1bb a kos\u00e1rhoz\u201d gombj\u00e1ra kattintva megtal\u00e1lja a v\u00e1s\u00e1rl\u00e1s sor\u00e1n kos\u00e1rba helyezett term\u00e9keket, valamint a sz\u00e1mla v\u00e9g\u00f6sszeg\u00e9t \u00e9s a sz\u00e1ll\u00edt\u00e1si k\u00f6lts\u00e9get. A felhaszn\u00e1l\u00f3 itt leellen\u0151rizheti rendel\u00e9se helyess\u00e9g\u00e9t, k\u00fcl\u00f6n\u00f6s tekintettel az \u00e1rakra \u00e9s a mennyis\u00e9gekre, melyeket ig\u00e9ny szerint m\u00f3dos\u00edthat, jav\u00edthat is. A kos\u00e1r automatikusan kisz\u00e1m\u00edtja a rendel\u00e9s v\u00e9g\u00f6sszeg\u00e9t.Amennyiben a web\u00e1ruh\u00e1zban hiba vagy hi\u00e1nyoss\u00e1g l\u00e9p fel a term\u00e9kekn\u00e9l vagy az \u00e1rakn\u00e1l a Szolg\u00e1ltat\u00f3 fenntartja a jogot a korrekci\u00f3ra. Ilyen esetben a Szolg\u00e1ltat\u00f3 a hiba felismer\u00e9se, illetve m\u00f3dos\u00edt\u00e1sa ut\u00e1n azonnal t\u00e1j\u00e9koztatja a felhaszn\u00e1l\u00f3t az \u00faj adatokr\u00f3l. Az ilyen esetekben a felhaszn\u00e1l\u00f3 a m\u00f3dos\u00edt\u00e1st k\u00f6vet\u0151en m\u00e9g egyszer meger\u0151s\u00edtheti a megrendel\u00e9st, vagy lehet\u0151s\u00e9ge van arra, hogy el\u00e1lljon a megrendel\u00e9st\u0151l \u00e9s ebben az esetben a szerz\u0151d\u00e9s a felek k\u00f6z\u00f6tt, egy\u00e9b jognyilatkozat n\u00e9lk\u00fcl, megsz\u0171nik.<\/li>\n<li>Felhaszn\u00e1l\u00f3 kos\u00e1rba helyezi a kiv\u00e1lasztott term\u00e9keket. Felhaszn\u00e1l\u00f3 b\u00e1rmikor megtekintheti a kos\u00e1r tartalm\u00e1t a \u201eTov\u00e1bb a kos\u00e1rhoz\u201d ikonra<\/li>\n<li>Ha a Felhaszn\u00e1l\u00f3 megfelel\u0151nek tartja a kos\u00e1rban elhelyezett term\u00e9kek mennyis\u00e9g\u00e9t, leellen\u0151rizte a v\u00e9g\u00f6sszeget, \u00e9s \u00fagy d\u00f6nt\u00f6tt, hogy meg szeretn\u00e9 v\u00e1s\u00e1rolni \u0151ket, akkor a \u201eTov\u00e1bb a kassz\u00e1hoz\u201d gombra kattintva van lehet\u0151s\u00e9ge kiv\u00e1lasztani a sz\u00e1m\u00e1ra legmegfelel\u0151bb sz\u00e1ll\u00edt\u00e1si m\u00f3dot (fut\u00e1rszolg\u00e1lat \u00e1ltal vagy szem\u00e9lyes \u00e1tv\u00e9tel), valamint a fizet\u00e9si m\u00f3dot (banki \u00e1tutal\u00e1s, bankk\u00e1rty\u00e1s fizet\u00e9s, Paypal). A rendel\u00e9s v\u00e9gleges\u00edt\u00e9s\u00e9hez a sz\u00fcks\u00e9ges grafik\u00e1kat a fizet\u00e9s el\u0151tt felt\u00f6lteni, vagy k\u00e9s\u0151bb a web\u00e1ruh\u00e1z r\u00e9sz\u00e9re el lehet k\u00fcldeni, de mindaddig, am\u00edg nem \u00e9rkezik meg a grafika a Szolg\u00e1ltat\u00f3 r\u00e9sz\u00e9re, a gy\u00e1rt\u00e1s nem kezd\u0151dik Szolg\u00e1ltat\u00f3 csak az anyaglead\u00e1si \u00fatmutat\u00f3ban jelzett param\u00e9terekkel k\u00e9sz\u00edtett \u00e1llom\u00e1nyokat fogadja el nyomdak\u00e9sz anyagk\u00e9nt. Amennyiben a felt\u00f6lt\u00f6tt anyag nem felel meg az anyaglead\u00e1si \u00fatmutat\u00f3ban le\u00edrtaknak, Szolg\u00e1ltat\u00f3 szerkeszt\u00e9si d\u00edjat sz\u00e1mol fel a nyomdak\u00e9sz anyag el\u0151\u00e1ll\u00edt\u00e1s\u00e1ra, melyr\u0151l el\u0151z\u0151leg t\u00e1j\u00e9koztatja Felhaszn\u00e1l\u00f3t.A k\u00f6vetkez\u0151 l\u00e9p\u00e9sben a Felhaszn\u00e1l\u00f3nak lehet\u0151s\u00e9ge van eld\u00f6nteni, hogy a m\u00e1r regisztr\u00e1lt v\u00e1s\u00e1rl\u00f3k\u00e9nt szeretne-e bel\u00e9pni, vagy \u00faj v\u00e1s\u00e1rl\u00f3k\u00e9nt akar regisztr\u00e1lni.A \u201eTov\u00e1bb a fizet\u00e9shez\u201d gombra kattintva Felhaszn\u00e1l\u00f3 megrendel\u00e9s\u00e9nek \u00f6sszes\u00edt\u0151 oldal\u00e1n l\u00e1thatja megrendel\u00e9s\u00e9nek minden megadott adat\u00e1t. A \u201eMegrendel\u00e9s elk\u00fcld\u00e9se\u201d gombra kattintva v\u00e9gleges\u00edti megrendel\u00e9s\u00e9t. Az itt l\u00e1that\u00f3 v\u00e9g\u00f6sszeg nem tartalmazza a grafikai szerkeszt\u00e9s \u00e1r\u00e1t, mivel azt Szolg\u00e1ltat\u00f3 csak az elv\u00e9gzett munka ar\u00e1ny\u00e1ban tudja pontosan kisz\u00e1molni.<\/li>\n<li>Ha a Felhaszn\u00e1l\u00f3 kor\u00e1bban m\u00e1r v\u00e1s\u00e1rolt a web\u00e1ruh\u00e1zban, \u00fagy el\u00e9g, ha a kor\u00e1bbi regisztr\u00e1ci\u00f3 sor\u00e1n megadott elektronikus lev\u00e9lc\u00edm\u00e9t \u00e9s jelszav\u00e1t haszn\u00e1lja. Abban az esetben, ha a Felhaszn\u00e1l\u00f3 \u00faj v\u00e1s\u00e1rl\u00f3k\u00e9nt szeretne regisztr\u00e1lni, akkor a v\u00e1s\u00e1rl\u00e1shoz sz\u00fcks\u00e9ges adatait sz\u00fcks\u00e9ges megadnia (n\u00e9v, lakc\u00edm, elektronikus lev\u00e9lc\u00edm, telefonsz\u00e1m), amelyeket a rendszer elt\u00e1rol, \u00e9s a legk\u00f6zelebbi v\u00e1s\u00e1rl\u00e1s alkalm\u00e1val m\u00e1r csak be kell jelentkeznie. Ezt k\u00f6vet\u0151en, ha a felhaszn\u00e1l\u00f3 egyet\u00e9rt a megrendel\u00e9s tartalm\u00e1val, akkor a megrendel\u00e9s elk\u00fcld\u00e9s\u00e9hez a \u201eMegrendel\u00e9s elk\u00fcld\u00e9se\u201d gombra kell<\/li>\n<li><strong>Fizet\u00e9si <\/strong><strong>m\u00f3dok: <\/strong>A web\u00e1ruh\u00e1zban a megrendelt term\u00e9k ellen\u00e9rt\u00e9ke teljes\u00edthet\u0151 banki el\u0151re utal\u00e1ssal, vagy bankk\u00e1rty\u00e1s fizet\u00e9ssel. El\u0151re utal\u00e1s eset\u00e9n a p\u00e9nznek a Szolg\u00e1ltat\u00f3 banksz\u00e1ml\u00e1j\u00e1n t\u00f6rt\u00e9n\u0151 j\u00f3v\u00e1\u00edr\u00e1s\u00e1t k\u00f6vet\u0151en ker\u00fcl \u00e1tad\u00e1sra a k\u00fcldem\u00e9ny a fut\u00e1rszolg\u00e1lat r\u00e9sz\u00e9re a kisz\u00e1ll\u00edt\u00e1s \u00e9rdek\u00e9ben.\n<ol>\n<li style=\"list-style-type: none;\">\n<ol>\n<li><em>El\u0151re utal\u00e1s: <\/em>Felhaszn\u00e1l\u00f3 banki \u00e1tutal\u00e1s eset\u00e9ben a megrendelt term\u00e9kek \u00f6ssz\u00e9rt\u00e9k\u00e9nek megfelel\u0151 \u00f6sszeget, illetve a sz\u00e1ll\u00edt\u00e1si d\u00edjat k\u00f6teles a megrendel\u00e9s teljes\u00edt\u00e9s\u00e9t megel\u0151z\u0151en, a megrendel\u00e9s elk\u00fcld\u00e9s\u00e9t\u0151l sz\u00e1m\u00edtott 3 (h\u00e1rom) munkanapon bel\u00fcl Szolg\u00e1ltat\u00f3 r\u00e9sz\u00e9re \u00e1tutal\u00e1ssal megfizetni (a tov\u00e1bbiakban: el\u0151leg). Szolg\u00e1ltat\u00f3 csak az \u00f6sszeg Szolg\u00e1ltat\u00f3 banksz\u00e1ml\u00e1j\u00e1n t\u00f6rt\u00e9n\u0151 j\u00f3v\u00e1\u00edr\u00e1sa eset\u00e9n v\u00e9gleges\u00edti a megrendel\u00e9st, \u00e9s teljes\u00edti a sz\u00e1ll\u00edt\u00e1st.<\/li>\n<li><em>Bankk\u00e1rty\u00e1s fizet\u00e9s: <\/em>akkor v\u00e1lassza, ha a rendel\u00e9s \u00e9rt\u00e9k\u00e9t a megrendel\u00e9ssel egyidej\u0171leg online bankk\u00e1rty\u00e1s fizet\u00e9ssel k\u00edv\u00e1nja kiegyenl\u00edteni. Amennyiben a Felhaszn\u00e1l\u00f3 ezt a fizet\u00e9si m\u00f3dot v\u00e1lasztotta \u201eMegrendel\u00e9s elk\u00fcld\u00e9se\u201d gombra kattintva, a rendszer a Felhaszn\u00e1l\u00f3t \u00e1tir\u00e1ny\u00edtja az myPOS Europe Ltd. \u00e1ltal \u00fczemeltetett biztons\u00e1gos banki fizet\u0151oldalra, ahol a bankk\u00e1rtya adatok megad\u00e1s\u00e1val azonnali online bankk\u00e1rty\u00e1s fizet\u00e9s t\u00f6rt\u00e9nik. Ennek a fizet\u00e9si m\u00f3dnak a v\u00e1laszt\u00e1s\u00e1val a Felhaszn\u00e1l\u00f3 elfogadja, hogy a Szolg\u00e1ltat\u00f3 \u00e1ltal a <a href=\"showcase.westerlike.net\/Timba\">timba.hu<\/a> felhaszn\u00e1l\u00f3i adatb\u00e1zis\u00e1ban t\u00e1rolt, a Felhaszn\u00e1l\u00f3 rendel\u00e9s\u00e9nek egyedi azonos\u00edt\u00f3ja \u00e1tad\u00e1sra ker\u00fclj\u00f6n az myPOS Europe Ltd. mint adatkezel\u0151 r\u00e9sz\u00e9re. Az adattov\u00e1bb\u00edt\u00e1s c\u00e9lja: a tranzakci\u00f3k beazonos\u00edt\u00e1sa, visszaigazol\u00e1sa.<\/li>\n<\/ol>\n<\/li>\n<\/ol>\n<p>Elfogadott bankk\u00e1rty\u00e1k: A myPOS Europe Ltd. internetes fizet\u00e9si rendszere a Mastercard\/Maestro, a VISA term\u00e9kcsal\u00e1dba tartoz\u00f3 VISA \u00e9s VISA Electron (az Electronn\u00e1l csak abban az esetben, ha azt a kibocs\u00e1t\u00f3 bank enged\u00e9lyezi) bankk\u00e1rty\u00e1k haszn\u00e1lat\u00e1t, valamint internetes haszn\u00e1latra alkalmas webk\u00e1rty\u00e1val val\u00f3 fizet\u00e9st teszi lehet\u0151v\u00e9. K\u00e9rj\u00fck, \u00e9rdekl\u0151dj\u00f6n bankj\u00e1n\u00e1l, hogy az \u00d6n k\u00e1rty\u00e1ja felhaszn\u00e1lhat\u00f3-e interneten kereszt\u00fcl lebonyol\u00edtand\u00f3 v\u00e1s\u00e1rl\u00e1shoz.<\/li>\n<li>Az online fizet\u00e9sek (el\u0151re utal\u00e1s vagy bankk\u00e1rty\u00e1s fizet\u00e9s) eset\u00e9ben a Szolg\u00e1ltat\u00f3 nem felel a Felhaszn\u00e1l\u00f3n\u00e1l felmer\u00fcl\u0151 b\u00e1rmely olyan t\u00f6bbletk\u00f6lts\u00e9g\u00e9rt, amely a Felhaszn\u00e1l\u00f3 \u00e1ltal v\u00e1lasztott fizet\u00e9si m\u00f3dt\u00f3l vagy a Felhaszn\u00e1l\u00f3 k\u00e1rtyakibocs\u00e1t\u00f3 bankj\u00e1t\u00f3l f\u00fcgg (k\u00fcl\u00f6n\u00f6sen, de nem kiz\u00e1r\u00f3lagosan deviza\u00e1rfolyam, egy\u00e9b k\u00f6lts\u00e9gek). A Felhaszn\u00e1l\u00f3 felel\u0151s a kiv\u00e1lasztott fizet\u00e9si m\u00f3d kiv\u00e1laszt\u00e1s\u00e1b\u00f3l ered\u0151 k\u00f6vetkezm\u00e9nyek\u00e9rt.<\/li>\n<li><strong>H\u00e1zhozsz\u00e1ll\u00edt\u00e1si d\u00edjak:<br \/>\n<\/strong>A sz\u00e1ll\u00edt\u00e1si d\u00edjak \u2013 amennyiben a megrendelt term\u00e9kek \u00e9rt\u00e9ke nem haladja meg a 100.000 Ft azaz egy-sz\u00e1zezer forint \u00f6sszeget \u2013 a \u201eKos\u00e1rba\u201d elhelyezett term\u00e9kek \u00f6sszege mellett felt\u00fcntet\u00e9sre ker\u00fcl. A megrendel\u00e9sre ker\u00fcl\u0151 term\u00e9kek \u00e9rt\u00e9k\u00e9t \u00e9s a sz\u00e1ll\u00edt\u00e1si d\u00edjakat b\u00e1rmely fizet\u00e9si m\u00f3d kiv\u00e1laszt\u00e1sa eset\u00e9n egyidej\u0171leg kell kiegyenl\u00edteni.El\u0151re utal\u00e1s eset\u00e9n a p\u00e9nz meg\u00e9rkez\u00e9s\u00e9t k\u00f6vet\u0151en adja \u00e1t a Szolg\u00e1ltat\u00f3 a k\u00fcldem\u00e9nyt a fut\u00e1rszolg\u00e1latnak.A sz\u00e1ll\u00edt\u00e1si id\u0151 a rendel\u00e9s kifizet\u00e9se \u00e9s a nyomdak\u00e9sz grafikai anyag lead\u00e1s\u00e1t vagy j\u00f3v\u00e1hagy\u00e1s\u00e1t k\u00f6vet\u0151en max. 6 munkanap. Extr\u00e9m id\u0151j\u00e1r\u00e1s eset\u00e9n a sz\u00e1ll\u00edt\u00e1si id\u0151 elt\u00e9rhet az aj\u00e1nlatban jelzett\u0151l. A sz\u00e1ll\u00edt\u00e1si k\u00e9sedelmek\u00e9rt Sipos Bal\u00e1zs G\u00e1bor EV. felel\u0151ss\u00e9get nem v\u00e1llal. \u00c1t nem vett, visszak\u00fcld\u00f6tt csomagok eset\u00e9n a visszasz\u00e1ll\u00edt\u00e1s d\u00edja a megrendel\u0151t terheli. Kisz\u00e1ll\u00edt\u00e1s eset\u00e9n megrendel\u0151 k\u00f6teles a csomag \u00e1tv\u00e9tele ut\u00e1n ellen\u0151rizni megrendel\u00e9s\u00e9t. Esetleges reklam\u00e1ci\u00f3j\u00e1t a term\u00e9k \u00e1tv\u00e9tele ut\u00e1n, \u00edr\u00e1sban jelezheti Szolg\u00e1ltat\u00f3 fel\u00e9.Szem\u00e9lyes \u00e1tv\u00e9tel eset\u00e9n az al\u00e1bbi \u00fczletben tudja a felhaszn\u00e1l\u00f3 \u00e1tvenni a kiv\u00e1lasztott term\u00e9ket:<br \/>\n<strong>Telephely: <\/strong>Timba Aj\u00e1nd\u00e9k \u00e9s Rekl\u00e1mgy\u00e1r &#8211; 2483 G\u00e1rdony, Szabads\u00e1g \u00fat 1.<\/li>\n<li>Az adatok megad\u00e1s\u00e1t k\u00f6vet\u0151en Felhaszn\u00e1l\u00f3 a \u201eMegrendel\u00e9s elk\u00fcld\u00e9se\u201d gombra kattintva tudja elk\u00fcldeni megrendel\u00e9s\u00e9t, el\u0151tte azonban m\u00e9g egyszer ellen\u0151rizheti a megadott adatokat, illetve megjegyz\u00e9st is k\u00fcldhet a megrendel\u00e9s\u00e9vel, vagy elektronikus lev\u00e9lben jelezheti a Szolg\u00e1ltat\u00f3 fel\u00e9 egy\u00e9b, rendel\u00e9ssel kapcsolatos k\u00edv\u00e1ns\u00e1g\u00e1t.<\/li>\n<li>A fizetend\u0151 v\u00e9g\u00f6sszeg a megrendel\u00e9s \u00f6sszes\u00edt\u00e9se \u00e9s visszaigazol\u00f3 lev\u00e9l alapj\u00e1n minden gy\u00e1rt\u00e1ssal kapcsolatos k\u00f6lts\u00e9get tartalmaz nyomdak\u00e9sz anyag lead\u00e1sa, vagy nyomdak\u00e9sz anyagot nem ig\u00e9nyl\u0151 term\u00e9k rendel\u00e9se eset\u00e9n. Amennyiben grafikai szerkeszt\u00e9st is ig\u00e9nyel a megrendel\u00e9s, \u00fagy annak d\u00edj\u00e1t a gy\u00e1rt\u00e1si k\u00f6lts\u00e9gen fel\u00fcl, a nyomdak\u00e9sz grafika j\u00f3v\u00e1hagy\u00e1sa ut\u00e1n adja hozz\u00e1 Szolg\u00e1ltat\u00f3 a v\u00e9g\u00f6sszeghez. A csomag minden esetben tartalmazza a sz\u00e1ml\u00e1t. Felhaszn\u00e1l\u00f3 k\u00f6teles a csomagot k\u00e9zbes\u00edt\u00e9skor \u00e9s \u00e1tv\u00e9telkor megvizsg\u00e1lni \u00e9s term\u00e9keken, csomagol\u00e1son \u00e9szlelt esetleges s\u00e9r\u00fcl\u00e9s eset\u00e9n k\u00f6teles jegyz\u0151k\u00f6nyv felv\u00e9tel\u00e9t k\u00e9rni, s\u00e9r\u00fcl\u00e9s eset\u00e9n a csomagot nem k\u00f6teles \u00e1tvenni. Ut\u00f3lagos, jegyz\u0151k\u00f6nyv n\u00e9lk\u00fcli reklam\u00e1ci\u00f3t Szolg\u00e1ltat\u00f3 nem fogad el! A csomagok k\u00e9zbes\u00edt\u00e9se munkanapokon t\u00f6rt\u00e9nik 8:00-17:00 \u00f3ra k\u00f6z\u00f6tti id\u0151szakban.<\/li>\n<li>Adatbeviteli hib\u00e1k jav\u00edt\u00e1sa: Felhaszn\u00e1l\u00f3 a megrendel\u00e9si folyamat lez\u00e1r\u00e1sa el\u0151tt minden esetben vissza tud l\u00e9pni az el\u0151z\u0151 f\u00e1zisba, ahol jav\u00edtani tudja a bevitt<\/li>\n<li>Felhaszn\u00e1l\u00f3 elektronikus lev\u00e9lben a megrendel\u00e9s elk\u00fcld\u00e9s\u00e9t k\u00f6vet\u0151en automatikus visszaigazol\u00e1st kap (K\u00e9rj\u00fck, figyelje lev\u00e9lszem\u00e9t mapp\u00e1j\u00e1t is!). Amennyiben e visszaigazol\u00e1s Felhaszn\u00e1l\u00f3 megrendel\u00e9s\u00e9nek elk\u00fcld\u00e9s\u00e9t\u0151l sz\u00e1m\u00edtott, a szolg\u00e1ltat\u00e1s jelleg\u00e9t\u0151l f\u00fcgg\u0151 elv\u00e1rhat\u00f3 hat\u00e1rid\u0151n bel\u00fcl, de legk\u00e9s\u0151bb 48 (negyvennyolc) \u00f3r\u00e1n bel\u00fcl Felhaszn\u00e1l\u00f3hoz nem \u00e9rkezik meg, Felhaszn\u00e1l\u00f3 az aj\u00e1nlati k\u00f6t\u00f6tts\u00e9g vagy szerz\u0151d\u00e9ses k\u00f6telezetts\u00e9g al\u00f3l mentes\u00fcl. A megrendel\u00e9s \u00e9s annak visszaigazol\u00e1sa akkor tekintend\u0151 a Szolg\u00e1ltat\u00f3hoz, illetve az Felhaszn\u00e1l\u00f3hoz meg\u00e9rkezettnek, amikor az sz\u00e1m\u00e1ra hozz\u00e1f\u00e9rhet\u0151v\u00e9 v\u00e1lik. Szolg\u00e1ltat\u00f3 kiz\u00e1rja a visszaigazol\u00e1si felel\u0151ss\u00e9g\u00e9t, ha a visszaigazol\u00e1s az\u00e9rt nem \u00e9rkezik meg id\u0151ben, mert Felhaszn\u00e1l\u00f3 rossz e-mail c\u00edmet<\/li>\n<li>El\u0151fordulhat, hogy hib\u00e1s \u00e1r szerepel a Hib\u00e1s \u00e1rnak min\u0151s\u00fcl k\u00fcl\u00f6n\u00f6sen a term\u00e9k k\u00f6zismert, a piacon el\u00e9rhet\u0151, \u00e1ltal\u00e1nosan elfogadott vagy becs\u00fclt \u00e1rt\u00f3l jelent\u0151sen elt\u00e9r\u0151, esetleg rendszerhiba vagy elg\u00e9pel\u00e9s miatt megjelen\u0151 hib\u00e1s \u00e1r. Hib\u00e1s \u00e1r eset\u00e9n a megrendel\u00e9st a Szolg\u00e1ltat\u00f3 a hib\u00e1s \u00e1ron nem k\u00f6teles elfogadni, \u00e9s nem k\u00f6teles a term\u00e9ket hib\u00e1s \u00e1ron \u00e9rt\u00e9kes\u00edteni. Hib\u00e1s \u00e1ron t\u00f6rt\u00e9n\u0151 aj\u00e1nlatt\u00e9tel eset\u00e9n nem j\u00f6n l\u00e9tre szerz\u0151d\u00e9s a felek k\u00f6z\u00f6tt. Amennyiben a felhaszn\u00e1l\u00f3 hib\u00e1s \u00e1ron tesz aj\u00e1nlatot, a rendszer azt automatikusan visszaigazolja, ez azonban nem min\u0151s\u00fcl az aj\u00e1nlat elfogad\u00e1s\u00e1nak a szolg\u00e1ltat\u00f3 r\u00e9sz\u00e9r\u0151l. A felhaszn\u00e1l\u00f3 \u00e1ltal hib\u00e1s \u00e1ron t\u00f6rt\u00e9n\u0151 aj\u00e1nlatt\u00e9tel (megrendel\u00e9s) eset\u00e9n az aj\u00e1nlatt\u00e9tel a szolg\u00e1ltat\u00f3 munkat\u00e1rsa \u00e1ltal k\u00fcld\u00f6tt elektronikus \u2013 nem automata \u2013 visszaigazol\u00e1sa sor\u00e1n a szolg\u00e1ltat\u00f3 munkat\u00e1rsa felh\u00edvja a felhaszn\u00e1l\u00f3 figyelm\u00e9t a helyes \u00e1rra, \u00e9s felaj\u00e1nlhatja a helyes \u00e1ron t\u00f6rt\u00e9n\u0151 szerz\u0151d\u00e9sk\u00f6t\u00e9st. A felhaszn\u00e1l\u00f3 hib\u00e1s \u00e1r helyett a szolg\u00e1ltat\u00f3 \u00e1ltal k\u00f6z\u00f6lt helyes \u00e1ron nem k\u00f6teles aj\u00e1nlatot tenni, \u00e9s szerz\u0151d\u00e9st k\u00f6tni. Ez esetben nem j\u00f6n l\u00e9tre szerz\u0151d\u00e9s a felek k\u00f6z\u00f6tt.<\/li>\n<\/ol>\n<p>&nbsp;<\/p>\n<h4>8. A MEGRENDEL\u00c9SEK FELDOLGOZ\u00c1SA<\/h4>\n<ol>\n<li>A megrendel\u00e9sek feldolgoz\u00e1sa nyitvatart\u00e1si id\u0151ben t\u00f6rt\u00e9nik, ami munkanapokon h\u00e9tf\u0151 kiv\u00e9tel\u00e9vel 9:00 \u00e9s 17:00 \u00f3ra k\u00f6z\u00f6tt zajlik. A megrendel\u00e9s feldolgoz\u00e1sak\u00e9nt megjel\u00f6lt id\u0151pontokon k\u00edv\u00fcl is van lehet\u0151s\u00e9g a megrendel\u00e9s lead\u00e1s\u00e1ra, amennyiben az a munkaid\u0151 lej\u00e1rta ut\u00e1n t\u00f6rt\u00e9nik, az azt k\u00f6vet\u0151 napon ker\u00fcl feldolgoz\u00e1sra. A 17:00 \u00f3ra ut\u00e1n leadott anyagokat Szolg\u00e1ltat\u00f3 k\u00f6vetkez\u0151 munkanapi anyaglead\u00e1snak A hozott anyag tartalm\u00e1\u00e9rt (el\u00edr\u00e1s, helyes\u00edr\u00e1si hiba, grafikai hiba) \u00e9s min\u0151s\u00e9g\u00e9\u00e9rt Szolg\u00e1ltat\u00f3 nem v\u00e1llal felel\u0151ss\u00e9get. Az ilyen t\u00edpus\u00fa hib\u00e1k nem min\u0151s\u00fclnek nyomdahib\u00e1nak. Szolg\u00e1ltat\u00f3 \u00fcgyf\u00e9lszolg\u00e1lata minden esetben elektronikus \u00faton visszaigazolja, hogy mikor tudja teljes\u00edteni a megrendel\u00e9s\u00e9t.<\/li>\n<li>Amennyiben a hozott anyag nyomdak\u00e9ssz\u00e9 alak\u00edt\u00e1s\u00e1t Szolg\u00e1ltat\u00f3 v\u00e9gezte, l\u00e1tv\u00e1nytervet k\u00fcld Felhaszn\u00e1l\u00f3 r\u00e9sz\u00e9re, mely elfogad\u00e1sa eset\u00e9n Szolg\u00e1ltat\u00f3 legy\u00e1rtja az anyagot. Az elfogadott l\u00e1tv\u00e1nytervb\u0151l gy\u00e1rtott term\u00e9kek ut\u00e1n tartalmi reklam\u00e1ci\u00f3t Szolg\u00e1ltat\u00f3 nem fogad<\/li>\n<li>Szolg\u00e1ltat\u00f3 sz\u00ednegyez\u00e9st csak hozott minta, vagy proof alapj\u00e1n, megfelel\u0151 nyomdak\u00e9sz anyaggal egy\u00fctt tud biztos\u00edtani. Minden egy\u00e9b esetben sz\u00ednreklam\u00e1ci\u00f3t nem \u00e1ll m\u00f3dunkban elfogadni. A sz\u00ednegyez\u00e9sre val\u00f3 felh\u00edv\u00e1st Felhaszn\u00e1l\u00f3 a \u201eMegjegyz\u00e9s\u201d mez\u0151ben<\/li>\n<li>Szolg\u00e1ltat\u00f3 az \u00e1ltal\u00e1nos teljes\u00edt\u00e9si hat\u00e1rid\u0151ket a term\u00e9k le\u00edr\u00e1s\u00e1ban felt\u00fcnteti, melyek nyomdak\u00e9sz grafikai anyag Szolg\u00e1ltat\u00f3hoz val\u00f3 eljuttat\u00e1s\u00e1t\u00f3l \u00e9rv\u00e9nyesek. Szolg\u00e1ltat\u00f3 \u00e9s Felhaszn\u00e1l\u00f3 a teljes\u00edt\u00e9s id\u0151pontj\u00e1ban nem \u00e1llapodtak meg, Szolg\u00e1ltat\u00f3 Felhaszn\u00e1l\u00f3 felsz\u00f3l\u00edt\u00e1s\u00e1ban meghat\u00e1rozott id\u0151pontban vagy id\u0151n bel\u00fcl, felsz\u00f3l\u00edt\u00e1s hi\u00e1ny\u00e1ban legk\u00e9s\u0151bb a megrendel\u00e9snek Szolg\u00e1ltat\u00f3hoz val\u00f3 meg\u00e9rkez\u00e9s\u00e9t\u0151l sz\u00e1m\u00edtott harminc napon bel\u00fcl k\u00f6teles a szerz\u0151d\u00e9s szerinti teljes\u00edt\u00e9sre.<\/li>\n<li>Ha Szolg\u00e1ltat\u00f3 a szerz\u0151d\u00e9sben v\u00e1llalt k\u00f6telezetts\u00e9g\u00e9t az\u00e9rt nem teljes\u00edti, mert a szerz\u0151d\u00e9sben meghat\u00e1rozott term\u00e9ket nem \u00e1ll m\u00f3dj\u00e1ban elk\u00e9sz\u00edteni, k\u00f6teles err\u0151l Felhaszn\u00e1l\u00f3t halad\u00e9ktalanul t\u00e1j\u00e9koztatni, valamint Felhaszn\u00e1l\u00f3 \u00e1ltal fizetett \u00f6sszeget halad\u00e9ktalanul, de legk\u00e9s\u0151bb 30 (harminc) napon bel\u00fcl visszat\u00e9r\u00edteni. E k\u00f6telezetts\u00e9g teljes\u00edt\u00e9se Szolg\u00e1ltat\u00f3t nem mentes\u00edti szerz\u0151d\u00e9sszeg\u00e9se egy\u00e9b k\u00f6vetkezm\u00e9nyei al\u00f3l.<\/li>\n<li>Szolg\u00e1ltat\u00f3 nem v\u00e1llal felel\u0151ss\u00e9get az esetleges alapanyagok, le\u00edr\u00e1sok a besz\u00e1ll\u00edt\u00f3, vagy rajta k\u00edv\u00fcl \u00e1ll\u00f3 okok miatt t\u00f6rt\u00e9n\u0151 el\u0151zetes bejelent\u00e9s n\u00e9lk\u00fcli v\u00e1ltoz\u00e1sa Szolg\u00e1ltat\u00f3 fenntartja a jogot a m\u00e1r visszaigazolt megrendel\u00e9sek visszautas\u00edt\u00e1s\u00e1ra r\u00e9szben, vagy teljes eg\u00e9szben. R\u00e9szben t\u00f6rt\u00e9n\u0151 teljes\u00edt\u00e9s kiz\u00e1r\u00f3lag Felhaszn\u00e1l\u00f3val t\u00f6rt\u00e9n\u0151 egyeztet\u00e9st k\u00f6vet\u0151en ker\u00fclhet sor.<\/li>\n<li>Szolg\u00e1ltat\u00f3 nem v\u00e1llal felel\u0151ss\u00e9get az esetleges technikai ismertet\u0151k, le\u00edr\u00e1sok a besz\u00e1ll\u00edt\u00f3, vagy rajta k\u00edv\u00fcl \u00e1ll\u00f3 okok miatt t\u00f6rt\u00e9n\u0151 el\u0151zetes bejelent\u00e9s n\u00e9lk\u00fcli v\u00e1ltoz\u00e1sa miatt. Szolg\u00e1ltat\u00f3 fenntartja a jogot a m\u00e1r visszaigazolt megrendel\u00e9sek visszautas\u00edt\u00e1s\u00e1ra r\u00e9szben, vagy teljes eg\u00e9szben. R\u00e9szben t\u00f6rt\u00e9n\u0151 teljes\u00edt\u00e9s kiz\u00e1r\u00f3lag Felhaszn\u00e1l\u00f3val t\u00f6rt\u00e9n\u0151 egyeztet\u00e9st k\u00f6vet\u0151en ker\u00fclhet<\/li>\n<li>Szolg\u00e1ltat\u00f3 nem v\u00e1llal felel\u0151ss\u00e9get, amennyiben az \u00e1ltal\u00e1nos szerz\u0151d\u00e9si felt\u00e9telek \u00e1ltal el\u0151\u00edrt k\u00f6teless\u00e9geit el\u0151re nem l\u00e1that\u00f3 k\u00fcls\u0151 k\u00f6r\u00fclm\u00e9nyek miatt (vis maior) nem vagy k\u00e9sedelmesen teljes\u00edti. A \u201dVis maior\u201d olyan cselekm\u00e9nyeket, esem\u00e9nyeket, elmarad\u00e1sokat, baleseteket foglal mag\u00e1ba, melyre a Szolg\u00e1ltat\u00f3nak nincsen befoly\u00e1sa, k\u00fcl\u00f6n\u00f6s tekintettel (mindenf\u00e9le korl\u00e1toz\u00e1s n\u00e9lk\u00fcl) a k\u00f6vetkez\u0151kre:\n<ul>\n<li>Sztr\u00e1jk, kiz\u00e1r\u00e1s, vagy m\u00e1s munkaad\u00f3k \u00e9s munkav\u00e1llal\u00f3k k\u00f6z\u00f6tti vita;<\/li>\n<li>T\u0171zv\u00e9sz, robban\u00e1s, vihar, \u00e1rv\u00edz, f\u00f6ldreng\u00e9s, f\u00f6ldcsuszaml\u00e1s, j\u00e1rv\u00e1nyok, k\u00f6z\u00fczemi szolg\u00e1ltat\u00f3k \u00e9rdekk\u00f6r\u00e9ben felmer\u00fclt probl\u00e9m\u00e1k vagy egy\u00e9b term\u00e9szeti katasztr\u00f3f\u00e1k;<\/li>\n<li>Nyilv\u00e1nos vagy mag\u00e1n telekommunik\u00e1ci\u00f3s h\u00e1l\u00f3zatok haszn\u00e1lhatatlans\u00e1ga;<\/li>\n<li>T\u00f6rv\u00e9nyek, szab\u00e1lyoz\u00e1sok, rendeletek vagy korl\u00e1toz\u00e1sok melyeket az \u00e1llam vagy a korm\u00e1ny hoz.<\/li>\n<\/ul>\n<\/li>\n<li>A Szolg\u00e1ltat\u00f3 \u00e1ltal\u00e1nos szerz\u0151d\u00e9si felt\u00e9telekb\u0151l ered\u0151 k\u00f6telezetts\u00e9gei a vis maior idej\u00e9re \u00e9rv\u00e9ny\u00fcket vesztik, a k\u00f6telezetts\u00e9gei teljes\u00edt\u00e9s\u00e9nek ideje a teljes\u00edt\u00e9si akad\u00e1ly id\u0151tartam\u00e1val A Szolg\u00e1ltat\u00f3 megfelel\u0151 l\u00e9p\u00e9seket tesz, hogy a teljes\u00edt\u00e9si akad\u00e1lyt elh\u00e1r\u00edtsa, vagy megold\u00e1st tal\u00e1ljon, hogy k\u00f6telezetts\u00e9geinek a vis maior ellen\u00e9re is eleget tudjon tenni.<\/li>\n<\/ol>\n<p>&nbsp;<\/p>\n<h4>9. TELJES\u00cdT\u00c9SI HAT\u00c1RID\u0150, TELJES\u00cdT\u00c9S, R\u00c9SZTELJES\u00cdT\u00c9S<\/h4>\n<ol>\n<li>A teljes\u00edt\u00e9si hat\u00e1rid\u0151 a megrendel\u00e9s visszaigazol\u00e1s\u00e1nak id\u0151pontj\u00e1t\u00f3l (amennyiben alkalmazand\u00f3 a gy\u00e1rt\u00e1si k\u00f6lts\u00e9gek megel\u0151legez\u00e9s\u00e9nek id\u0151pontj\u00e1t\u00f3l vagy a Szolg\u00e1ltat\u00f3 r\u00e9sz\u00e9re fizetend\u0151 el\u0151leg megfizet\u00e9s\u00e9nek id\u0151pontj\u00e1t\u00f3l) \u00e9rtend\u0151, \u00e9s minden megrendel\u00e9s eset\u00e9n egyedileg ker\u00fcl meghat\u00e1roz\u00e1sra a Szerz\u0151d\u0151 Felek \u00e1ltal a megrendelt grafikai munka terjedelm\u00e9t\u0151l, mibenl\u00e9t\u00e9t\u0151l f\u00fcgg\u0151en. A jelen pont \u00e9rtelm\u00e9ben a megfizet\u00e9s id\u0151pontj\u00e1nak az a nap min\u0151s\u00fcl, amely napon az el\u0151leg Szolg\u00e1ltat\u00f3 banksz\u00e1ml\u00e1j\u00e1n j\u00f3v\u00e1\u00edr\u00e1sra ker\u00fcl.<\/li>\n<li>A Felhaszn\u00e1l\u00f3 tudom\u00e1sul veszi, hogy mindaddig, am\u00edg a Szolg\u00e1ltat\u00f3 r\u00e9sz\u00e9re nem szolg\u00e1ltatja a teljes\u00edt\u00e9shez sz\u00fcks\u00e9ges \u00f6sszes inform\u00e1ci\u00f3t (sz\u00f6veg, k\u00e9p, megjelen\u00e9si ig\u00e9nyek, sz\u00ednek, egy\u00e9b szempontok, stb.), Szolg\u00e1ltat\u00f3 a teljes\u00edt\u00e9st megkezdeni nem tudja, \u00e9s a teljes\u00edt\u00e9ssel k\u00e9sedelembe nem<\/li>\n<li>Szolg\u00e1ltat\u00f3 t\u00e1j\u00e9koztatja Felhaszn\u00e1l\u00f3t, hogy a teljes\u00edt\u00e9si hat\u00e1rid\u0151 a tervez\u00e9si folyamat sor\u00e1n t\u00f6rt\u00e9n\u0151 m\u00f3dos\u00edt\u00e1sok k\u00f6vetkezt\u00e9ben m\u00f3dosulhat. A teljes\u00edt\u00e9si hat\u00e1rid\u0151 m\u00f3dosul\u00e1s\u00e1t \u2013 az arr\u00f3l val\u00f3 \u00e9rtes\u00fcl\u00e9st\u0151l sz\u00e1m\u00edtott lehet\u0151 legr\u00f6videbb id\u0151n bel\u00fcl \u2013 Szolg\u00e1ltat\u00f3 k\u00f6teles halad\u00e9ktalanul Felhaszn\u00e1l\u00f3 tudom\u00e1s\u00e1ra<\/li>\n<li>Nyomdai- \u00e9s dekor\u00e1ci\u00f3s kivitelez\u00e9si munk\u00e1latok eset\u00e9n a kivitelez\u00e9si hat\u00e1rid\u0151t illet\u0151en a nyomdai\/dekor\u00e1ci\u00f3s kivitelez\u00e9st t\u00e9nylegesen teljes\u00edt\u0151 alv\u00e1llalkoz\u00f3 nyilatkozata ir\u00e1nyad\u00f3. Az alv\u00e1llalkoz\u00f3 \u00e1ltal v\u00e1llalt hat\u00e1rid\u0151r\u0151l a Szolg\u00e1ltat\u00f3 k\u00f6teles a nyomdak\u00e9sz \u00e1llom\u00e1nyok \u00e1tad\u00e1s\u00e1t megel\u0151z\u0151en t\u00e1j\u00e9koztatni Felhaszn\u00e1l\u00f3t.<\/li>\n<li>Szolg\u00e1ltat\u00f3 fenntartja a jogot a hat\u00e1rid\u0151 el\u0151tti, illetve r\u00e9szteljes\u00edt\u00e9sre. Felhaszn\u00e1l\u00f3 a hat\u00e1rid\u0151 el\u0151tti teljes\u00edt\u00e9st kifejezetten Szolg\u00e1ltat\u00f3 mindent megtesz a megrendel\u00e9sek hat\u00e1rid\u0151re t\u00f6rt\u00e9n\u0151 teljes\u00edt\u00e9se \u00e9rdek\u00e9ben, ez\u00e9rt fenntartja a jogot arra, hogy egy t\u00f6bb t\u00e9telb\u0151l \u00e1ll\u00f3 megrendel\u00e9st t\u00f6bb r\u00e9szletben teljes\u00edtsen \u00e9s sz\u00e1ml\u00e1zzon. Felhaszn\u00e1l\u00f3 a t\u00f6bb r\u00e9szletben val\u00f3 teljes\u00edt\u00e9st kifejezetten elfogadja.<\/li>\n<li>A szerz\u0151d\u00e9s teljes\u00edt\u00e9se sor\u00e1n Szerz\u0151d\u0151 Felek k\u00f6telesek egy\u00fcttm\u0171k\u00f6dni, ennek keret\u00e9ben k\u00f6telesek egym\u00e1st halad\u00e9ktalanul \u00e9rtes\u00edteni az \u00e9rdekk\u00f6r\u00fckben felmer\u00fcl\u0151, a szerz\u0151d\u00e9s teljes\u00edt\u00e9s\u00e9re kihat\u00f3 minden l\u00e9nyeges adatr\u00f3l, t\u00e9nyez\u0151r\u0151l \u00e9s k\u00f6r\u00fclm\u00e9nyr\u0151l. Ezen int\u00e9zked\u00e9seket \u00e9s nyilatkozatokat a Szerz\u0151d\u0151 Felek \u00edr\u00e1sban r\u00f6gz\u00edtik.<\/li>\n<li>Szolg\u00e1ltat\u00f3 a teljes\u00edt\u00e9shez alv\u00e1llalkoz\u00f3 ig\u00e9nybev\u00e9tel\u00e9re<\/li>\n<\/ol>\n<p>&nbsp;<\/p>\n<h4>10. TELJES\u00cdT\u00c9S ELFOGAD\u00c1S, TELJES\u00cdT\u00c9S M\u00d3DJA<\/h4>\n<ol>\n<li>A teljes\u00edt\u00e9s abban az esetben tekinthet\u0151 a Felhaszn\u00e1l\u00f3 \u00e1ltal igazoltnak, ha a Felhaszn\u00e1l\u00f3 egy\u00e9rtelm\u0171en \u00e9s kifejezetten elfogadja a Szolg\u00e1ltat\u00f3 \u00e1ltal rendelkez\u00e9s\u00e9re bocs\u00e1tott grafikai munka tervezet\u00e9t, tov\u00e1bbi munkaf\u00e1zisokat rendel meg, \u00e9s\/vagy enged\u00e9lyezi, hogy a grafikai \u00e1llom\u00e1ny nyomd\u00e1ba ker\u00fclj\u00f6n.<\/li>\n<li>Szolg\u00e1ltat\u00f3 az \u00e1ltala tervezett grafikai terveket nyomd\u00e1ba ker\u00fcl\u0151 anyagok eset\u00e9n nyomdak\u00e9sz \u00e1llom\u00e1nyk\u00e9nt, annak gy\u00e1rt\u00e1si instrukci\u00f3ival, egy\u00e9b anyagok eset\u00e9n a felhaszn\u00e1l\u00e1si c\u00e9lra alkalmas form\u00e1tumban adja \u00e1t e-mailben vagy egy\u00e9b elektronikus form\u00e1ban. Nyomdai munk\u00e1latok eset\u00e9n a teljes\u00edt\u00e9s a tervek nyomdak\u00e9sz \u00e1llom\u00e1nyk\u00e9nt t\u00f6rt\u00e9n\u0151 \u00e1tad\u00e1s\u00e1val val\u00f3sul meg. Az \u00e1tad\u00e1s helye tekintet\u00e9ben a Szerz\u0151d\u0151 Felek k\u00f6zt l\u00e9trej\u00f6v\u0151 egyedi meg\u00e1llapod\u00e1s ir\u00e1nyad\u00f3.<\/li>\n<\/ol>\n<p>&nbsp;<\/p>\n<h4>11. A TELJES\u00cdT\u00c9S SOR\u00c1N FELHASZN\u00c1LT K\u00c9PI ANYAGOK<\/h4>\n<ol>\n<li>Szolg\u00e1ltat\u00f3 a teljes\u00edt\u00e9s sor\u00e1n felhaszn\u00e1lt k\u00e9pi anyagok jogtisztas\u00e1g\u00e1\u00e9rt kiz\u00e1r\u00f3lagosan abban az esetben v\u00e1llal felel\u0151ss\u00e9get, amennyiben azt Szolg\u00e1ltat\u00f3 bocs\u00e1tja a Felhaszn\u00e1l\u00f3 rendelkez\u00e9s\u00e9re (Szolg\u00e1ltat\u00f3 \u00e1ltal keresett, kereskedelmi c\u00e9lra is szabadon felhaszn\u00e1lhat\u00f3 vagy Szolg\u00e1ltat\u00f3 alv\u00e1llalkoz\u00f3ja \u00e1ltal k\u00e9sz\u00edtett k\u00e9pi anyagok). Amennyiben Felhaszn\u00e1l\u00f3 ragaszkodik a grafikai munk\u00e1n egy \u00e1ltala szolg\u00e1ltatott k\u00e9p megjelen\u00edt\u00e9s\u00e9hez, Szolg\u00e1ltat\u00f3 a k\u00e9pet Felhaszn\u00e1l\u00f3 korl\u00e1tlan felel\u0151ss\u00e9ge mellett megjelen\u00edti, azonban a k\u00e9p felhaszn\u00e1l\u00e1s\u00e1val kapcsolatosan mind anyagi, mind jogi felel\u0151ss\u00e9g\u00e9t kiz\u00e1rja.<\/li>\n<\/ol>\n<p>&nbsp;<\/p>\n<h4>12. EL\u00c1LL\u00c1S JOGA<\/h4>\n<ol>\n<li>Az Eur\u00f3pai Parlament \u00e9s a Tan\u00e1cs 2011\/83\/EU sz\u00e1m\u00fa ir\u00e1nyelv\u00e9nek, tov\u00e1bb\u00e1 a fogyaszt\u00f3 \u00e9s a v\u00e1llalkoz\u00e1s k\u00f6z\u00f6tti szerz\u0151d\u00e9sek r\u00e9szletes szab\u00e1lyair\u00f3l sz\u00f3l\u00f3 45\/2014. (II.26.) Korm. rendelet szab\u00e1lyoz\u00e1sa \u00e9rtelm\u00e9ben Felhaszn\u00e1l\u00f3 a megrendelt term\u00e9k k\u00e9zhez v\u00e9tel\u00e9t\u0151l sz\u00e1m\u00edtott 14 (tizenn\u00e9gy) napon bel\u00fcl indokol\u00e1s n\u00e9lk\u00fcl el\u00e1llhat a szerz\u0151d\u00e9st\u0151l, visszak\u00fcldheti a megrendelt term\u00e9ket. Jelen t\u00e1j\u00e9koztat\u00f3 hi\u00e1ny\u00e1ban jogosult Felhaszn\u00e1l\u00f3 1 \u00e9v eltelt\u00e9ig gyakorolni az el\u00e1ll\u00e1si jog\u00e1t.<\/li>\n<li>Az el\u00e1ll\u00e1si jog gyakorl\u00e1s\u00e1ra nyitva \u00e1ll\u00f3 id\u0151 att\u00f3l a napt\u00f3l sz\u00e1m\u00edtott 14 (tizenn\u00e9gy) nap eltelt\u00e9vel j\u00e1r le, amelyen Felhaszn\u00e1l\u00f3, vagy az \u00e1ltala megjel\u00f6lt, a fuvaroz\u00f3t\u00f3l elt\u00e9r\u0151 harmadik szem\u00e9ly a term\u00e9ket \u00e1tveszi.<\/li>\n<li>A felhaszn\u00e1l\u00f3 kiz\u00e1r\u00f3lag a term\u00e9k visszak\u00fcld\u00e9s\u00e9nek k\u00f6zvetlen k\u00f6lts\u00e9g\u00e9t viseli kiv\u00e9ve, ha a szolg\u00e1ltat\u00f3 v\u00e1llalta e k\u00f6lts\u00e9g visel\u00e9s\u00e9t.<\/li>\n<li>Az el\u00e1ll\u00e1si jog gyakorl\u00e1sa eset\u00e9n a Felhaszn\u00e1l\u00f3t a term\u00e9k visszajuttat\u00e1s\u00e1nak k\u00f6lts\u00e9g\u00e9n k\u00edv\u00fcl m\u00e1s k\u00f6lts\u00e9g nem terheli, Szolg\u00e1ltat\u00f3 azonban k\u00f6vetelheti a nem rendeltet\u00e9sszer\u0171 haszn\u00e1latb\u00f3l ad\u00f3d\u00f3 anyagi k\u00e1r megt\u00e9r\u00edt\u00e9s\u00e9t.<\/li>\n<li><strong>Nem illeti meg az el\u00e1ll\u00e1si jog Felhaszn\u00e1l\u00f3t olyan nem el\u0151re gy\u00e1rtott term\u00e9k eset\u00e9ben, amelyet a felhaszn\u00e1l\u00f3 utas\u00edt\u00e1sa alapj\u00e1n vagy kifejezett k\u00e9r\u00e9s\u00e9re \u00e1ll\u00edtottak el\u0151, vagy olyan term\u00e9k eset\u00e9ben, amelyet egy\u00e9rtelm\u0171en a felhaszn\u00e1l\u00f3 szem\u00e9ly\u00e9re szabtak.<\/strong><\/li>\n<li>Szolg\u00e1ltat\u00f3 a term\u00e9k vissza\u00e9rkez\u00e9s\u00e9t k\u00f6vet\u0151en a fenti jogszab\u00e1lyok \u00e9rtelm\u00e9ben halad\u00e9ktalanul, de legk\u00e9s\u0151bb 30 (harminc) napon bel\u00fcl visszat\u00e9r\u00edti a kifizetett \u00f6sszeget a Felhaszn\u00e1l\u00f3 r\u00e9sz\u00e9re, bele\u00e9rtve a sz\u00e1ll\u00edt\u00e1si d\u00edjat<\/li>\n<li>A szolg\u00e1ltat\u00f3 a visszat\u00e9r\u00edt\u00e9st minden esetben banki \u00e1tutal\u00e1ssal teljes\u00edti e visszat\u00e9r\u00edt\u00e9si m\u00f3d alkalmaz\u00e1s\u00e1b\u00f3l kifoly\u00f3lag Felhaszn\u00e1l\u00f3t semmilyen t\u00f6bbletk\u00f6lts\u00e9g nem<\/li>\n<li>Felhaszn\u00e1l\u00f3 k\u00f6teles az \u00e1rukat indokolatlan k\u00e9sedelem n\u00e9lk\u00fcl, de a szerz\u0151d\u00e9st\u0151l val\u00f3 el\u00e1ll\u00e1s\u00e1ra vonatkoz\u00f3 \u00e9rtes\u00edt\u00e9s Szolg\u00e1ltat\u00f3 r\u00e9sz\u00e9re t\u00f6rt\u00e9n\u0151 megk\u00fcld\u00e9s\u00e9t\u0151l sz\u00e1m\u00edtott 14 (tizenn\u00e9gy) napn\u00e1l semmif\u00e9lek\u00e9ppen sem k\u00e9s\u0151bb visszak\u00fcldeni vagy Szolg\u00e1ltat\u00f3 c\u00edmen Felhaszn\u00e1l\u00f3 akkor tartja be a hat\u00e1rid\u0151t, ha a 14 (tizenn\u00e9gy) napos id\u0151szak letelte el\u0151tt visszak\u00fcldi, vagy \u00e1tadja a term\u00e9k(eke)t.<\/li>\n<li>Felhaszn\u00e1l\u00f3 kiz\u00e1r\u00f3lag akkor vonhat\u00f3 felel\u0151ss\u00e9gre az \u00e1rukban bek\u00f6vetkezett \u00e9rt\u00e9kcs\u00f6kken\u00e9s\u00e9rt, ha az az \u00e1ruk jelleg\u00e9nek, tulajdons\u00e1gainak \u00e9s m\u0171k\u00f6d\u00e9s\u00e9nek meg\u00e1llap\u00edt\u00e1s\u00e1hoz sz\u00fcks\u00e9gest\u0151l elt\u00e9r\u0151 kezel\u00e9s miatt k\u00f6vetkezett.<\/li>\n<li>A visszat\u00e9r\u00edt\u00e9st Szolg\u00e1ltat\u00f3 mindaddig visszatarthatja, am\u00edg vissza nem kapta az \u00e1ru(ka)t, vagy Felhaszn\u00e1l\u00f3 bizony\u00edt\u00e9kot nem szolg\u00e1ltatott arra vonatkoz\u00f3an, hogy azokat visszak\u00fcldte: a kett\u0151 k\u00f6z\u00fcl a kor\u00e1bbi id\u0151pontot kell figyelembe.<\/li>\n<li>Amennyiben Felhaszn\u00e1l\u00f3 \u00e9lni szeretne el\u00e1ll\u00e1si jog\u00e1val, annak jelz\u00e9s\u00e9t megteheti Szolg\u00e1ltat\u00f3 el\u00e9rhet\u0151s\u00e9geinek valamelyik\u00e9n \u00edr\u00e1sban, vagy Postai \u00faton \u00edr\u00e1sban t\u00f6rt\u00e9n\u0151 jelz\u00e9s alkalm\u00e1val a post\u00e1ra ad\u00e1s id\u0151pontj\u00e1t kell figyelembe venni, telefonon t\u00f6rt\u00e9n\u0151 jelz\u00e9s alkalm\u00e1val pedig a telefonon t\u00f6rt\u00e9n\u0151 jelz\u00e9s\u00e9t. Postai \u00faton t\u00f6rt\u00e9n\u0151 jelz\u00e9s eset\u00e9n aj\u00e1nlott k\u00fcldem\u00e9nyk\u00e9nt, csomagk\u00e9nt val\u00f3 jelz\u00e9st fogad el Szolg\u00e1ltat\u00f3. A megrendelt term\u00e9ket postai \u00faton, vagy fut\u00e1rszolg\u00e1lat seg\u00edts\u00e9g\u00e9vel juttathatja vissza Felhaszn\u00e1l\u00f3 Szolg\u00e1ltat\u00f3 r\u00e9sz\u00e9re.<\/li>\n<li>Felhaszn\u00e1l\u00f3nak kiemelten \u00fcgyelnie kell a term\u00e9k rendeltet\u00e9sszer\u0171 haszn\u00e1lat\u00e1ra, ugyanis a nem rendeltet\u00e9sszer\u0171 haszn\u00e1lat\u00e1b\u00f3l ered\u0151 k\u00e1roknak megt\u00e9r\u00edt\u00e9se a Felhaszn\u00e1l\u00f3t terheli! A term\u00e9k vissza\u00e9rkez\u00e9s\u00e9t k\u00f6vet\u0151 14 (tizenn\u00e9gy) napon bel\u00fcl a Felhaszn\u00e1l\u00f3 \u00e1ltal megadott banksz\u00e1mlasz\u00e1mra visszat\u00e9r\u00edti Szolg\u00e1ltat\u00f3 a term\u00e9k v\u00e9tel\u00e1r\u00e1t, a sz\u00e1ll\u00edt\u00e1si k\u00f6lts\u00e9ggel egy\u00fctt.<\/li>\n<li>A fogyaszt\u00f3 \u00e9s a v\u00e1llalkoz\u00e1s k\u00f6z\u00f6tti szerz\u0151d\u00e9sek r\u00e9szletes szab\u00e1lyair\u00f3l sz\u00f3l\u00f3 45\/2014. (II.26.) rendelet itt \u00e9rhet\u0151 el:<br \/>\n<a href=\"http:\/\/njt.hu\/cgi_bin\/njt_doc.cgi?docid=167547.331735\">http:\/\/njt.hu\/cgi_bin\/njt_doc.cgi?docid=167547.331735<\/a><\/li>\n<li>Az Eur\u00f3pai Parlament \u00e9s a Tan\u00e1cs 2011\/83\/EU sz\u00e1m\u00fa ir\u00e1nyelve itt \u00e9rhet\u0151 el:<br \/>\n<a href=\"http:\/\/eur-lex.europa.eu\/legal-content\/HU\/TXT\/PDF\/?uri=CELEX%3A32011L0083&amp;qid=1501251917004&amp;from=HU\">http:\/\/eur-lex.europa.eu\/legal-<\/a> <a href=\"http:\/\/eur-lex.europa.eu\/legal-content\/HU\/TXT\/PDF\/?uri=CELEX%3A32011L0083&amp;qid=1501251917004&amp;from=HU\">content\/HU\/TXT\/PDF\/?uri=CELEX:32011L0083&amp;qid=1501251917004&amp;from=HU<\/a><\/li>\n<li>Felhaszn\u00e1l\u00f3 egy\u00e9b panasz\u00e1val is megkeresheti Szolg\u00e1ltat\u00f3t a jelen Szab\u00e1lyzatban tal\u00e1lhat\u00f3 el\u00e9rhet\u0151s\u00e9geken.<\/li>\n<li>Az el\u00e1ll\u00e1si jog nem illeti meg a v\u00e1llalkoz\u00e1st, azaz az olyan szem\u00e9lyt, aki a szakm\u00e1ja, \u00f6n\u00e1ll\u00f3 foglalkoz\u00e1sa vagy \u00fczleti tev\u00e9kenys\u00e9ge k\u00f6r\u00e9ben j\u00e1r<\/li>\n<\/ol>\n<p>&nbsp;<\/p>\n<h4>13. J\u00d3T\u00c1LL\u00c1S, SZAVATOSS\u00c1G, KELL\u00c9KSZAVATOSS\u00c1G<\/h4>\n<ol>\n<li>Felhaszn\u00e1l\u00f3 rendel\u00e9si hib\u00e1j\u00e1b\u00f3l ad\u00f3d\u00f3 elt\u00e9r\u00e9sek\u00e9rt Szolg\u00e1ltat\u00f3 nem v\u00e1llal felel\u0151ss\u00e9get, ilyen okb\u00f3l reklam\u00e1ci\u00f3t nem fogad el. <strong>Szolg\u00e1ltat\u00f3 kifejezetten felh\u00edvja Felhaszn\u00e1l\u00f3 figyelm\u00e9t, hogy a megtervezett grafikai munk\u00e1k a sz\u00e1m\u00edt\u00f3g\u00e9p monitorj\u00e1n nem felt\u00e9tlen\u00fcl abban a sz\u00ednben <\/strong><strong>jelennek meg, mint ami a nyomdai anyagokon l\u00e1that\u00f3. Szolg\u00e1ltat\u00f3 az ebb\u0151l esetlegesen ad\u00f3d\u00f3 <\/strong><strong>probl\u00e9m\u00e1k kik\u00fcsz\u00f6b\u00f6l\u00e9se \u00e9rdek\u00e9ben a Felhaszn\u00e1l\u00f3nak pr\u00f3bagy\u00e1rt\u00e1st javasol, ennek elmarad\u00e1sa eset\u00e9n az esetleges elt\u00e9r\u00e9sekb\u0151l ad\u00f3d\u00f3 k\u00e1rok Felhaszn\u00e1l\u00f3 terh\u00e9re <\/strong><\/li>\n<li>Szolg\u00e1ltat\u00f3 az \u00e1ltala megtervezett grafikai munk\u00e1k tekintet\u00e9ben tervez\u00e9si (p\u00e9nz-visszafizet\u00e9si) garanci\u00e1t v\u00e1llal. A tervez\u00e9si (p\u00e9nz-visszafizet\u00e9si) garancia \u00e9rtelm\u00e9ben Szolg\u00e1ltat\u00f3 garant\u00e1lja, hogy az \u00e1tadott grafikai \u00e1llom\u00e1nyok b\u00e1rmely nyomda \u00e1ltal legy\u00e1rthat\u00f3 \u00e1llom\u00e1nyok, azonban, ha megfelel\u0151 szakmai tapasztalattal rendelkez\u0151 nyomd\u00e1ban bebizonyosodik, hogy a grafikai \u00e1llom\u00e1ny a Szolg\u00e1ltat\u00f3nak felr\u00f3hat\u00f3 okb\u00f3l nem nyomtathat\u00f3, nem gy\u00e1rthat\u00f3 le, Szolg\u00e1ltat\u00f3 v\u00e1llalja, hogy a ki nem nyomtathat\u00f3 grafikai tervez\u00e9sre vonatkoz\u00f3 ar\u00e1nyos v\u00e1llalkoz\u00f3i d\u00edjat visszafizeti Felhaszn\u00e1l\u00f3 r\u00e9sz\u00e9re. Jelen rendelkez\u00e9s szempontj\u00e1b\u00f3l megfelel\u0151 szakmai tapasztalattal rendelkez\u0151 nyomd\u00e1nak min\u0151s\u00fcl az a nyomda, amelynek alkalmazottai megfelel\u0151 szakk\u00e9pzetts\u00e9ggel, \u00e9s a nyomda 5 (\u00f6t) \u00e9v szakmai tapasztalattal, nyomdai m\u0171k\u00f6d\u00e9ssel Amennyiben a nyomda megfelel\u0151s\u00e9g\u00e9t illet\u0151en k\u00e9ts\u00e9g mer\u00fcl fel, \u00fagy Szerz\u0151d\u0151 Felek a vita eld\u00f6nt\u00e9se \u00e9rdek\u00e9ben k\u00f6lcs\u00f6n\u00f6sen elfogadott nyomdaipari szakember szakv\u00e9lem\u00e9ny\u00e9t veszik ig\u00e9nybe.<\/li>\n<li>A Szolg\u00e1ltat\u00f3 \u00e1ltal \u00e9rt\u00e9kes\u00edtett display rendszerek eset\u00e9n a garancia 1 (egy) \u00e9v. A garancia nem vonatkozik a sz\u00e1nd\u00e9kos rong\u00e1l\u00e1sra, elemi k\u00e1rra, el\u0151re nem l\u00e1that\u00f3, illetve a fel\u00fcletek\/hordoz\u00f3k saj\u00e1toss\u00e1gaib\u00f3l ad\u00f3d\u00f3 hib\u00e1kra. Display rendszerek eset\u00e9n a garancia a szerkezet rendeltet\u00e9sszer\u0171 haszn\u00e1lata mellett \u00e9rv\u00e9nyes. A garancia kezd\u0151 id\u0151pontja a Felhaszn\u00e1l\u00f3 r\u00e9sz\u00e9re t\u00f6rt\u00e9n\u0151 \u00e1tad\u00e1s\/k\u00e9zbes\u00edt\u00e9s id\u0151pontja.<\/li>\n<li>A Szolg\u00e1ltat\u00f3 \u00e1ltal \u00e9rt\u00e9kes\u00edtett egy\u00e9b term\u00e9kekre a jogszab\u00e1lyban el\u0151\u00edrt k\u00f6telez\u0151 garancia id\u0151tartalma vonatkozik. A garancia kezd\u0151 id\u0151pontja a Felhaszn\u00e1l\u00f3 r\u00e9sz\u00e9re t\u00f6rt\u00e9n\u0151 \u00e1tad\u00e1s\/k\u00e9zbes\u00edt\u00e9s id\u0151pontja.<\/li>\n<li>A Felhaszn\u00e1l\u00f3 a web\u00e1ruh\u00e1zat \u00fczemeltet\u0151 c\u00e9g hib\u00e1s teljes\u00edt\u00e9se eset\u00e9n a v\u00e1llalkoz\u00e1ssal szemben kell\u00e9kszavatoss\u00e1gi ig\u00e9nyt \u00e9rv\u00e9nyes\u00edthet a szab\u00e1lyai szerint.<\/li>\n<li>A Felhaszn\u00e1l\u00f3 \u2013 v\u00e1laszt\u00e1sa szerint \u2013 az al\u00e1bbi kell\u00e9kszavatoss\u00e1gi ig\u00e9nyekkel \u00e9lhet: k\u00e9rhet kijav\u00edt\u00e1st vagy kicser\u00e9l\u00e9st kiv\u00e9ve, ha az ezek k\u00f6z\u00fcl a Felhaszn\u00e1l\u00f3 \u00e1ltal v\u00e1lasztott ig\u00e9ny teljes\u00edt\u00e9se lehetetlen vagy a Szolg\u00e1ltat\u00f3 sz\u00e1m\u00e1ra m\u00e1s ig\u00e9nye teljes\u00edt\u00e9s\u00e9hez k\u00e9pest ar\u00e1nytalan t\u00f6bbletk\u00f6lts\u00e9ggel j\u00e1rna. Ha a kijav\u00edt\u00e1st vagy a kicser\u00e9l\u00e9st nem k\u00e9rte, illetve nem k\u00e9rhette, \u00fagy ig\u00e9nyelheti az ellenszolg\u00e1ltat\u00e1s ar\u00e1nyos lesz\u00e1ll\u00edt\u00e1s\u00e1t vagy a hib\u00e1t a Szolg\u00e1ltat\u00f3 k\u00f6lts\u00e9g\u00e9re Felhaszn\u00e1l\u00f3 is kijav\u00edthatja, illetve m\u00e1ssal kijav\u00edttathatja vagy \u2013 v\u00e9gs\u0151 esetben \u2013 a szerz\u0151d\u00e9st\u0151l is el\u00e1llhat. V\u00e1lasztott kell\u00e9kszavatoss\u00e1gi jog\u00e1r\u00f3l egy m\u00e1sikra is \u00e1tt\u00e9rhet, az \u00e1tt\u00e9r\u00e9s k\u00f6lts\u00e9g\u00e9t azonban Felhaszn\u00e1l\u00f3 viseli kiv\u00e9ve, ha az indokolt volt vagy arra a Szolg\u00e1ltat\u00f3 adott<\/li>\n<li>A felhaszn\u00e1l\u00f3 k\u00f6teles a hib\u00e1t annak felfedez\u00e9se ut\u00e1n halad\u00e9ktalanul, de nem k\u00e9s\u0151bb, mint a hiba felfedez\u00e9s\u00e9t\u0151l sz\u00e1m\u00edtott 5 (\u00f6t) munkanapon bel\u00fcl k\u00f6z\u00f6lni. A felhaszn\u00e1l\u00f3 a szerz\u0151d\u00e9s teljes\u00edt\u00e9s\u00e9t\u0151l sz\u00e1m\u00edtott k\u00e9t\u00e9ves el\u00e9v\u00fcl\u00e9si hat\u00e1rid\u0151n t\u00fal kell\u00e9kszavatoss\u00e1gi jogait m\u00e1r nem \u00e9rv\u00e9nyes\u00edtheti.<\/li>\n<li>A felhaszn\u00e1l\u00f3 a Szolg\u00e1ltat\u00f3val szemben \u00e9rv\u00e9nyes\u00edtheti kell\u00e9kszavatoss\u00e1gi ig\u00e9ny\u00e9t.<\/li>\n<li>A teljes\u00edt\u00e9st\u0151l sz\u00e1m\u00edtott hat h\u00f3napon bel\u00fcl a kell\u00e9kszavatoss\u00e1gi ig\u00e9nye \u00e9rv\u00e9nyes\u00edt\u00e9s\u00e9nek a hiba k\u00f6zl\u00e9s\u00e9n t\u00fal nincs egy\u00e9b felt\u00e9tele, ha Felhaszn\u00e1l\u00f3 igazolja, hogy a term\u00e9ket, illetve a szolg\u00e1ltat\u00e1st a web\u00e1ruh\u00e1zat \u00fczemeltet\u0151 Szolg\u00e1ltat\u00f3 ny\u00fajtotta. A teljes\u00edt\u00e9st\u0151l sz\u00e1m\u00edtott 1 (egy) \u00e9v eltelte ut\u00e1n azonban m\u00e1r Felhaszn\u00e1l\u00f3 k\u00f6teles bizony\u00edtani, hogy az Felhaszn\u00e1l\u00f3 \u00e1ltal felismert hiba m\u00e1r a teljes\u00edt\u00e9s id\u0151pontj\u00e1ban is<\/li>\n<li><strong>Term\u00e9kszavatoss\u00e1g<\/strong><br \/>\nIng\u00f3 dolog (term\u00e9k) hib\u00e1ja eset\u00e9n Felhaszn\u00e1l\u00f3 \u2013 v\u00e1laszt\u00e1sa szerint \u2013 kell\u00e9kszavatoss\u00e1gi vagy term\u00e9kszavatoss\u00e1gi ig\u00e9nyt \u00e9rv\u00e9nyes\u00edthet.<\/li>\n<li>Term\u00e9kszavatoss\u00e1gi ig\u00e9nyk\u00e9nt Felhaszn\u00e1l\u00f3 kiz\u00e1r\u00f3lag a hib\u00e1s term\u00e9k kijav\u00edt\u00e1s\u00e1t vagy kicser\u00e9l\u00e9s\u00e9t k\u00e9rheti.<\/li>\n<li>A term\u00e9k akkor hib\u00e1s, ha az nem felel meg a forgalomba hozatalakor hat\u00e1lyos min\u0151s\u00e9gi k\u00f6vetelm\u00e9nyeknek, vagy pedig, ha nem rendelkezik a gy\u00e1rt\u00f3 \u00e1ltal adott le\u00edr\u00e1sban szerepl\u0151 tulajdons\u00e1gokkal.<\/li>\n<li>Term\u00e9kszavatoss\u00e1gi ig\u00e9ny\u00e9t Felhaszn\u00e1l\u00f3 a term\u00e9k gy\u00e1rt\u00f3 \u00e1ltali forgalomba hozatal\u00e1t\u00f3l sz\u00e1m\u00edtott (2) k\u00e9t \u00e9ven bel\u00fcl \u00e9rv\u00e9nyes\u00edtheti. E hat\u00e1rid\u0151 eltelt\u00e9vel e jogosults\u00e1g\u00e1t<\/li>\n<li>A felhaszn\u00e1l\u00f3 term\u00e9kszavatoss\u00e1gi ig\u00e9ny\u00e9t kiz\u00e1r\u00f3lag az ing\u00f3 dolog gy\u00e1rt\u00f3j\u00e1val vagy forgalmaz\u00f3j\u00e1val szemben gyakorolhatja. A term\u00e9k hib\u00e1j\u00e1t term\u00e9kszavatoss\u00e1gi ig\u00e9ny \u00e9rv\u00e9nyes\u00edt\u00e9se eset\u00e9n<\/li>\n<li>Felhaszn\u00e1l\u00f3nak kell bizony\u00edtania.<\/li>\n<li>A gy\u00e1rt\u00f3 (forgalmaz\u00f3) kiz\u00e1r\u00f3lag akkor mentes\u00fcl term\u00e9kszavatoss\u00e1gi k\u00f6telezetts\u00e9ge al\u00f3l, ha bizony\u00edtani tudja, hogy: \u2013 a term\u00e9ket nem \u00fczleti tev\u00e9kenys\u00e9ge k\u00f6r\u00e9ben gy\u00e1rtotta, illetve hozta forgalomba, vagy \u2013 a hiba a tudom\u00e1ny \u00e9s a technika \u00e1ll\u00e1sa szerint a forgalomba hozatal id\u0151pontj\u00e1ban nem volt felismerhet\u0151 vagy \u2013 a term\u00e9k hib\u00e1ja jogszab\u00e1ly vagy k\u00f6telez\u0151 hat\u00f3s\u00e1gi el\u0151\u00edr\u00e1s alkalmaz\u00e1s\u00e1b\u00f3l A gy\u00e1rt\u00f3nak (forgalmaz\u00f3nak) a mentes\u00fcl\u00e9shez elegend\u0151 egy okot bizony\u00edtania. Ugyanazon hiba miatt kell\u00e9kszavatoss\u00e1gi \u00e9s term\u00e9kszavatoss\u00e1gi ig\u00e9nyt egyszerre, egym\u00e1ssal p\u00e1rhuzamosan nem \u00e9rv\u00e9nyes\u00edthet\u0151. Term\u00e9kszavatoss\u00e1gi ig\u00e9ny eredm\u00e9nyes \u00e9rv\u00e9nyes\u00edt\u00e9se eset\u00e9n azonban a kicser\u00e9lt term\u00e9kre, illetve kijav\u00edtott r\u00e9szre vonatkoz\u00f3 kell\u00e9kszavatoss\u00e1gi ig\u00e9ny a gy\u00e1rt\u00f3val szemben \u00e9rv\u00e9nyes\u00edthet\u0151.<\/li>\n<li>Hib\u00e1s teljes\u00edt\u00e9s eset\u00e9n az egyes tart\u00f3s fogyaszt\u00e1si cikkekre vonatkoz\u00f3 k\u00f6telez\u0151 j\u00f3t\u00e1ll\u00e1sr\u00f3l sz\u00f3l\u00f3 151\/2003. (IX. ) Korm. rendelet alapj\u00e1n a web\u00e1ruh\u00e1zat \u00fczemeltet\u0151 v\u00e1llalkoz\u00e1s j\u00f3t\u00e1ll\u00e1sra k\u00f6teles.<\/li>\n<li>A j\u00f3t\u00e1ll\u00e1s id\u0151tartama 1 (egy) \u00e9v. A j\u00f3t\u00e1ll\u00e1si hat\u00e1rid\u0151 a fogyaszt\u00e1si cikk felhaszn\u00e1l\u00f3 r\u00e9sz\u00e9re t\u00f6rt\u00e9n\u0151 \u00e1tad\u00e1sa.<\/li>\n<li>A Szolg\u00e1ltat\u00f3 j\u00f3t\u00e1ll\u00e1si k\u00f6telezetts\u00e9ge al\u00f3l csak abban az esetben mentes\u00fcl, ha bizony\u00edtja, hogy a hiba oka a teljes\u00edt\u00e9s ut\u00e1n keletkezett. Ugyanazon hiba miatt kell\u00e9kszavatoss\u00e1gi \u00e9s j\u00f3t\u00e1ll\u00e1si ig\u00e9nyt, illetve term\u00e9kszavatoss\u00e1gi \u00e9s j\u00f3t\u00e1ll\u00e1si ig\u00e9nyt egyszerre, egym\u00e1ssal p\u00e1rhuzamosan nem \u00e9rv\u00e9nyes\u00edthet\u0151, egy\u00e9bk\u00e9nt viszont Felhaszn\u00e1l\u00f3t a j\u00f3t\u00e1ll\u00e1sb\u00f3l fakad\u00f3 jogok a term\u00e9k- \u00e9s kell\u00e9kszavatoss\u00e1g fejezetekben le\u00edrt jogosults\u00e1gokt\u00f3l f\u00fcggetlen\u00fcl<\/li>\n<li>Szolg\u00e1ltat\u00f3 nem tartozik j\u00f3t\u00e1ll\u00e1ssal, illetve szavatoss\u00e1ggal a term\u00e9szetes elhaszn\u00e1l\u00f3d\u00e1sb\u00f3l sz\u00e1rmaz\u00f3, tov\u00e1bb\u00e1 olyan k\u00e1rok\u00e9rt, amelyek a k\u00e1rvesz\u00e9ly \u00e1tsz\u00e1ll\u00e1sa ut\u00e1ni hib\u00e1s vagy gondatlan kezel\u00e9sb\u0151l, t\u00falzott ig\u00e9nybev\u00e9telb\u0151l, illetve a meghat\u00e1rozott\u00f3l elt\u00e9r\u0151 behat\u00e1sokb\u00f3l, illetve egy\u00e9b, a term\u00e9kek nem rendeltet\u00e9sszer\u0171 haszn\u00e1lat\u00e1b\u00f3l<\/li>\n<li>Amennyiben a Felhaszn\u00e1l\u00f3nak a nyomda \u00e1ltal kivitelezett munk\u00e1kkal kapcsolatosan mer\u00fcl fel min\u0151s\u00e9gi kifog\u00e1sa, a kifog\u00e1st a Szolg\u00e1ltat\u00f3 halad\u00e9ktalanul tov\u00e1bb\u00edtja a nyomda r\u00e9sz\u00e9re kivizsg\u00e1l\u00e1s, illet\u0151leg a reklam\u00e1ci\u00f3 rendez\u00e9se c\u00e9lj\u00e1b\u00f3l.<\/li>\n<\/ol>\n<p>&nbsp;<\/p>\n<h4>14. FELEL\u0150SS\u00c9GKORL\u00c1TOZ\u00c1S<\/h4>\n<ol>\n<li>Szolg\u00e1ltat\u00f3 kiz\u00e1rja felel\u0151ss\u00e9g\u00e9t a m\u00e1s \u00e1ltal felr\u00f6gz\u00edtett szerkezettel kapcsolatos hib\u00e1k\u00e9rt, illet\u0151leg a m\u00e1s \u00e1ltal alkalmazott anyagok, vagy a m\u00e1s \u00e1ltal v\u00e9gzett kivitelez\u00e9s hib\u00e1i\u00e9rt. Szolg\u00e1ltat\u00f3 a dekor\u00e1ci\u00f3 kihelyez\u00e9se sor\u00e1n kiz\u00e1r\u00f3lagosan a Szolg\u00e1ltat\u00f3 \u00e1ltal rendelkez\u00e9sre bocs\u00e1tott anyagok (t\u00e1bla, szerkezet, anyag, seg\u00e9danyag), illet\u0151leg a Szolg\u00e1ltat\u00f3 \u00e1ltal elv\u00e9gzett munk\u00e1k tekintet\u00e9ben v\u00e1llal felel\u0151ss\u00e9get.<\/li>\n<li>K\u00f6zter\u00fcleten elhelyezend\u0151 rekl\u00e1mt\u00e1bla eset\u00e9n az elhelyez\u00e9s enged\u00e9lyez\u00e9s\u00e9re ir\u00e1nyul\u00f3 k\u00f6zigazgat\u00e1si elj\u00e1r\u00e1st minden esetben a Felhaszn\u00e1l\u00f3 k\u00f6teles kezdem\u00e9nyezni, ide\u00e9rtve a k\u00f6zter\u00fcleten elhelyezend\u0151 rekl\u00e1mt\u00e1bla megjelen\u00e9si form\u00e1j\u00e1val kapcsolatos enged\u00e9lyeket. K\u00f6zter\u00fcleten elhelyezend\u0151 rekl\u00e1mt\u00e1bla kihelyez\u00e9s\u00e9t Szolg\u00e1ltat\u00f3 nem v\u00e1llalja.<\/li>\n<\/ol>\n<p>&nbsp;<\/p>\n<h4>15. A SZAVATOSS\u00c1GI IG\u00c9NY ESET\u00c9N T\u00d6RT\u00c9N\u0150 ELJ\u00c1R\u00c1S<\/h4>\n<ol>\n<li>Felhaszn\u00e1l\u00f3 \u00e9s Szolg\u00e1ltat\u00f3 k\u00f6z\u00f6tti szerz\u0151d\u00e9sben a felek meg\u00e1llapod\u00e1sa a rendelet rendelkez\u00e9seit\u0151l a Felhaszn\u00e1l\u00f3 (amennyiben fogyaszt\u00f3) h\u00e1tr\u00e1ny\u00e1ra nem t\u00e9rhet<\/li>\n<li>A Felhaszn\u00e1l\u00f3 k\u00f6teless\u00e9ge a szerz\u0151d\u00e9s megk\u00f6t\u00e9s\u00e9nek bizony\u00edt\u00e1sa (sz\u00e1ml\u00e1val, vagy ak\u00e1r csak nyugt\u00e1val).<\/li>\n<li>A Szolg\u00e1ltat\u00f3 a Felhaszn\u00e1l\u00f3 n\u00e1la bejelentett szavatoss\u00e1gi vagy j\u00f3t\u00e1ll\u00e1si ig\u00e9ny\u00e9r\u0151l jegyz\u0151k\u00f6nyvet k\u00f6teles<\/li>\n<li>A jegyz\u0151k\u00f6nyv m\u00e1solat\u00e1t halad\u00e9ktalanul, igazolhat\u00f3 m\u00f3don a Felhaszn\u00e1l\u00f3 rendelkez\u00e9s\u00e9re kell bocs\u00e1tani.<\/li>\n<li>Ha a Szolg\u00e1ltat\u00f3 a Felhaszn\u00e1l\u00f3 szavatoss\u00e1gi vagy j\u00f3t\u00e1ll\u00e1si ig\u00e9ny\u00e9nek teljes\u00edthet\u0151s\u00e9g\u00e9r\u0151l annak bejelent\u00e9sekor nem tud nyilatkozni, \u00e1ll\u00e1spontj\u00e1r\u00f3l \u2013 az ig\u00e9ny elutas\u00edt\u00e1sa eset\u00e9n az elutas\u00edt\u00e1s indok\u00e1r\u00f3l \u00e9s a b\u00e9k\u00e9ltet\u0151 test\u00fclethez fordul\u00e1s lehet\u0151s\u00e9g\u00e9r\u0151l is \u2013 5 (\u00f6t) munkanapon bel\u00fcl, igazolhat\u00f3 m\u00f3don k\u00f6teles \u00e9rtes\u00edteni a Felhaszn\u00e1l\u00f3t.<\/li>\n<li>A Szolg\u00e1ltat\u00f3 a jegyz\u0151k\u00f6nyvet az annak felv\u00e9tel\u00e9t\u0151l sz\u00e1m\u00edtott 3 (h\u00e1rom)\u00a0 \u00e9vig\u00a0 k\u00f6teles\u00a0 meg\u0151rizni, \u00e9s azt az <strong>ellen\u0151rz\u0151 hat\u00f3s\u00e1g k\u00e9r\u00e9s\u00e9re bemutatni.<\/strong><\/li>\n<li>A Szolg\u00e1ltat\u00f3nak t\u00f6rekednie kell arra, hogy a kijav\u00edt\u00e1st vagy kicser\u00e9l\u00e9st legfeljebb tizen\u00f6t napon bel\u00fcl elv\u00e9gezze.<\/li>\n<\/ol>\n<p>&nbsp;<\/p>\n<h4>16. VEGYES RENDELKEZ\u00c9SEK<\/h4>\n<ol>\n<li>Szolg\u00e1ltat\u00f3 k\u00f6telezetts\u00e9ge teljes\u00edt\u00e9s\u00e9hez k\u00f6zrem\u0171k\u00f6d\u0151t jogosult ig\u00e9nybe Ennek jogellenes magatart\u00e1s\u00e1\u00e9rt teljes felel\u0151ss\u00e9ggel tartozik, \u00fagy, mintha a jogellenes magatart\u00e1st saj\u00e1t maga k\u00f6vette volna el.<\/li>\n<li>Ha a jelen \u00e1ltal\u00e1nos szerz\u0151d\u00e9si felt\u00e9telek b\u00e1rmely r\u00e9sze \u00e9rv\u00e9nytelenn\u00e9, jogtalann\u00e1 vagy \u00e9rv\u00e9nyes\u00edthetetlenn\u00e9 v\u00e1lik, az a fennmarad\u00f3 r\u00e9szek \u00e9rv\u00e9nyess\u00e9g\u00e9t, jogszer\u0171s\u00e9g\u00e9t \u00e9s \u00e9rv\u00e9nyes\u00edthet\u0151s\u00e9g\u00e9t nem \u00e9rinti.<\/li>\n<li>Amennyiben Szolg\u00e1ltat\u00f3 az \u00c1szf alapj\u00e1n megillet\u0151 jog\u00e1t nem gyakorolja, a joggyakorl\u00e1s elmulaszt\u00e1sa nem tekinthet\u0151 az adott jogr\u00f3l val\u00f3 lemond\u00e1snak. B\u00e1rmilyen jogr\u00f3l t\u00f6rt\u00e9n\u0151 lemond\u00e1s csak az erre vonatkoz\u00f3 kifejezett \u00edr\u00e1sbeli nyilatkozat eset\u00e9n \u00e9rv\u00e9nyes. Az hogy a Szolg\u00e1ltat\u00f3 egy alkalommal nem ragaszkodik szigor\u00faan az \u00c1szf valamely l\u00e9nyegi felt\u00e9tel\u00e9hez, vagy kik\u00f6t\u00e9s\u00e9hez nem jelenti azt, hogy lemond arr\u00f3l, hogy a k\u00e9s\u0151bbiekben ragaszkodjon az adott felt\u00e9tel vagy kik\u00f6t\u00e9s szigor\u00fa betart\u00e1s\u00e1hoz.<\/li>\n<li>Szolg\u00e1ltat\u00f3 \u00e9s Felhaszn\u00e1l\u00f3 vit\u00e1s \u00fcgyeiket b\u00e9k\u00e9s \u00faton, peren k\u00edv\u00fcl pr\u00f3b\u00e1lj\u00e1k rendezni, amennyiben erre ez a vitarendez\u00e9s nem bizonyul eredm\u00e9nyesnek a peres \u00fcgyei, vonatkoz\u00e1s\u00e1ban a Debreceni J\u00e1r\u00e1sb\u00edrs\u00e1g, illetve a hat\u00e1sk\u00f6ri szab\u00e1lyok alapj\u00e1n a Debreceni T\u00f6rv\u00e9nysz\u00e9k kiz\u00e1r\u00f3lagos illet\u00e9kess\u00e9g\u00e9t k\u00f6tik<\/li>\n<\/ol>\n<p>&nbsp;<\/p>\n<h4>17. PANASZKEZEL\u00c9S RENDJE<\/h4>\n<ol>\n<li>Szolg\u00e1ltat\u00f3 c\u00e9lja, hogy valamennyi megrendel\u00e9st megfelel\u0151 min\u0151s\u00e9gben, a megrendel\u0151 teljes megel\u00e9gedetts\u00e9ge mellett teljes\u00edtsen.Amennyiben Felhaszn\u00e1l\u00f3nak m\u00e9gis valamilyen panasza van a szerz\u0151d\u00e9ssel vagy annak teljes\u00edt\u00e9s\u00e9vel kapcsolatban, \u00fagy panasz\u00e1t a fenti elektronikus lev\u00e9lc\u00edmen, vagy lev\u00e9l \u00fatj\u00e1n is k\u00f6z\u00f6lheti.<\/li>\n<li>Szolg\u00e1ltat\u00f3 a sz\u00f3beli panaszt azonnal megvizsg\u00e1lja, \u00e9s sz\u00fcks\u00e9g szerint Ha a Felhaszn\u00e1l\u00f3 a panasz kezel\u00e9s\u00e9vel nem \u00e9rt egyet, a Szolg\u00e1ltat\u00f3 a panaszr\u00f3l \u00e9s az azzal kapcsolatos \u00e1ll\u00e1spontj\u00e1r\u00f3l halad\u00e9ktalanul jegyz\u0151k\u00f6nyvet vesz fel, s annak egy m\u00e1solati p\u00e9ld\u00e1ny\u00e1t \u00e1tadja a felhaszn\u00e1l\u00f3nak. Ha a panasz azonnali kivizsg\u00e1l\u00e1sa nem lehets\u00e9ges, a Szolg\u00e1ltat\u00f3 a panaszr\u00f3l jegyz\u0151k\u00f6nyvet vesz fel, s annak egy m\u00e1solati p\u00e9ld\u00e1ny\u00e1t \u00e1tadja a felhaszn\u00e1l\u00f3nak.<\/li>\n<li>Az \u00edr\u00e1sbeli panaszt a szolg\u00e1ltat\u00f3 30 (harminc) napon bel\u00fcl \u00edr\u00e1sban megv\u00e1laszolja. A panaszt elutas\u00edt\u00f3 \u00e1ll\u00e1spontj\u00e1t megindokolja. A v\u00e1lasz m\u00e1solati p\u00e9ld\u00e1ny\u00e1t 3 (h\u00e1rom) \u00e9vig meg\u0151rzi, s azt az ellen\u0151rz\u0151 hat\u00f3s\u00e1goknak k\u00e9r\u00e9s\u00fckre<\/li>\n<li>A Felhaszn\u00e1l\u00f3 a szolg\u00e1ltat\u00f3val szemben fogyaszt\u00f3i panasszal \u00e9lhet. Amennyiben a panasz\u00e1t a Szolg\u00e1ltat\u00f3 elutas\u00edtja, \u00fagy jogosult a lak\u00f3helye vagy tart\u00f3zkod\u00e1si helye szerint illet\u00e9kes B\u00e9k\u00e9ltet\u0151 Test\u00fclethez is fordulni: a b\u00e9k\u00e9ltet\u0151 test\u00fclet elj\u00e1r\u00e1sa megind\u00edt\u00e1s\u00e1nak felt\u00e9tele, hogy a Felhaszn\u00e1l\u00f3 a Szolg\u00e1ltat\u00f3val k\u00f6zvetlen\u00fcl megk\u00eds\u00e9relje a vit\u00e1s \u00fcgy rendez\u00e9s\u00e9t. Az elj\u00e1r\u00e1sra \u2013 a Felhaszn\u00e1l\u00f3 erre ir\u00e1nyul\u00f3 k\u00e9relme alapj\u00e1n \u2013 az illet\u00e9kes test\u00fclet helyett a Felhaszn\u00e1l\u00f3 k\u00e9relm\u00e9ben megjel\u00f6lt b\u00e9k\u00e9ltet\u0151 test\u00fclet illet\u00e9kes.<\/li>\n<li>A b\u00e9k\u00e9ltet\u0151 test\u00fclet hat\u00e1sk\u00f6r\u00e9be tartozik a fogyaszt\u00f3i jogvita b\u00edr\u00f3s\u00e1gi elj\u00e1r\u00e1son k\u00edv\u00fcli rendez\u00e9se. A b\u00e9k\u00e9ltet\u0151 test\u00fclet feladata, hogy megk\u00eds\u00e9relje a fogyaszt\u00f3i jogvita rendez\u00e9se c\u00e9lj\u00e1b\u00f3l egyezs\u00e9g l\u00e9trehoz\u00e1s\u00e1t a felek k\u00f6z\u00f6tt, ennek eredm\u00e9nytelens\u00e9ge eset\u00e9n az \u00fcgyben d\u00f6nt\u00e9st hoz a fogyaszt\u00f3i jogok egyszer\u0171, gyors, hat\u00e9kony \u00e9s k\u00f6lts\u00e9gk\u00edm\u00e9l\u0151 \u00e9rv\u00e9nyes\u00edt\u00e9s\u00e9nek biztos\u00edt\u00e1sa \u00e9rdek\u00e9ben. A b\u00e9k\u00e9ltet\u0151 test\u00fclet a Felhaszn\u00e1l\u00f3 vagy a Szolg\u00e1ltat\u00f3 k\u00e9r\u00e9s\u00e9re tan\u00e1csot ad a Felhaszn\u00e1l\u00f3t megillet\u0151 jogokkal \u00e9s a felhaszn\u00e1l\u00f3t terhel\u0151 k\u00f6telezetts\u00e9gekkel<\/li>\n<li>A b\u00e9k\u00e9ltet\u0151 test\u00fclet elj\u00e1r\u00e1sa a felhaszn\u00e1l\u00f3 k\u00e9relm\u00e9re indul. A k\u00e9relmet a b\u00e9k\u00e9ltet\u0151 test\u00fclet eln\u00f6k\u00e9hez kell \u00edr\u00e1sban beny\u00fajtani: az \u00edr\u00e1sbelis\u00e9g k\u00f6vetelm\u00e9ny\u00e9nek lev\u00e9l, t\u00e1virat, t\u00e1vg\u00e9p\u00edr\u00f3 vagy telefax \u00fatj\u00e1n, tov\u00e1bb\u00e1 b\u00e1rmely egy\u00e9b olyan eszk\u00f6zzel is eleget lehet tenni, amely a c\u00edmzett sz\u00e1m\u00e1ra lehet\u0151v\u00e9 teszi a neki c\u00edmzett adatoknak az adat c\u00e9lj\u00e1nak megfelel\u0151 ideig t\u00f6rt\u00e9n\u0151 tart\u00f3s t\u00e1rol\u00e1s\u00e1t, \u00e9s a t\u00e1rolt adatok v\u00e1ltozatlan form\u00e1ban \u00e9s tartalommal t\u00f6rt\u00e9n\u0151 megjelen\u00edt\u00e9s\u00e9t.A k\u00e9relemnek tartalmaznia kell:\n<ol>\n<li>a fogyaszt\u00f3 nev\u00e9t, lak\u00f3hely\u00e9t vagy tart\u00f3zkod\u00e1si hely\u00e9t,<\/li>\n<li>a fogyaszt\u00f3i jogvit\u00e1val \u00e9rintett v\u00e1llalkoz\u00e1s nev\u00e9t, sz\u00e9khely\u00e9t vagy \u00e9rintett telephely\u00e9t,<\/li>\n<li>ha a fogyaszt\u00f3 az illet\u00e9kess\u00e9get az illet\u00e9kes b\u00e9k\u00e9ltet\u0151 test\u00fclet helyett k\u00e9relmezett test\u00fclet megjel\u00f6l\u00e9s\u00e9t,<\/li>\n<li>a fogyaszt\u00f3 \u00e1ll\u00e1spontj\u00e1nak r\u00f6vid le\u00edr\u00e1s\u00e1t, az azt al\u00e1t\u00e1maszt\u00f3 t\u00e9nyeket \u00e9s azok bizony\u00edt\u00e9kait,<\/li>\n<li>a fogyaszt\u00f3 nyilatkozat\u00e1t arr\u00f3l, hogy a fogyaszt\u00f3 az \u00e9rintett v\u00e1llalkoz\u00e1ssal k\u00f6zvetlen\u00fcl megk\u00eds\u00e9relte a vit\u00e1s \u00fcgy rendez\u00e9s\u00e9t<\/li>\n<li>a fogyaszt\u00f3 nyilatkozat\u00e1t arra n\u00e9zve, hogy az \u00fcgyben m\u00e1s b\u00e9k\u00e9ltet\u0151 test\u00fclet elj\u00e1r\u00e1s\u00e1t nem kezdem\u00e9nyezte, k\u00f6zvet\u00edt\u0151i elj\u00e1r\u00e1s nem indult, keresetlev\u00e9l bead\u00e1s\u00e1ra, illetve fizet\u00e9si meghagy\u00e1s kibocs\u00e1t\u00e1sa ir\u00e1nti k\u00e9relem el\u0151terjeszt\u00e9s\u00e9re nem ker\u00fclt sor,<\/li>\n<li>a test\u00fclet d\u00f6nt\u00e9s\u00e9re ir\u00e1nyul\u00f3 ind\u00edtv\u00e1nyt,<\/li>\n<li>a fogyaszt\u00f3 al\u00e1\u00edr\u00e1s\u00e1t.<\/li>\n<\/ol>\n<p>A k\u00e9relemhez csatolni kell azt az okiratot, illetve annak m\u00e1solat\u00e1t (kivonat\u00e1t), amelynek tartalm\u00e1ra a felhaszn\u00e1l\u00f3 bizony\u00edt\u00e9kk\u00e9nt hivatkozik, \u00edgy k\u00fcl\u00f6n\u00f6sen a szolg\u00e1ltat\u00f3 \u00edr\u00e1sbeli nyilatkozat\u00e1t a panasz elutas\u00edt\u00e1s\u00e1r\u00f3l, ennek hi\u00e1ny\u00e1ban a fogyaszt\u00f3 rendelkez\u00e9s\u00e9re \u00e1ll\u00f3 egy\u00e9b \u00edr\u00e1sos bizony\u00edt\u00e9kot az el\u0151\u00edrt egyeztet\u00e9s megk\u00eds\u00e9rl\u00e9s\u00e9r\u0151l.<\/p>\n<p>Ha a felhaszn\u00e1l\u00f3 meghatalmazott \u00fatj\u00e1n j\u00e1r el, a k\u00e9relemhez csatolni kell a meghatalmaz\u00e1st.<\/li>\n<li>A B\u00e9k\u00e9ltet\u0151 Test\u00fcletekr\u0151l b\u0151vebb inform\u00e1ci\u00f3 itt \u00e9rhet\u0151 el: <a href=\"http:\/\/www.bekeltetes.hu\/\">http:\/\/www.bekeltetes.hu\/<\/a> vagy<a href=\"http:\/\/www.bekeltet.hu\/\"> http:\/\/www.bekeltet.hu\/.<\/a><\/li>\n<li>Panasszal fordulhat az illet\u00e9kes korm\u00e1nyhivatal Fogyaszt\u00f3v\u00e9delmi oszt\u00e1ly\u00e1hoz, mint els\u0151fok\u00fa hat\u00f3s\u00e1ghoz.<\/li>\n<li>Panasszal fordulhat a Nemzeti Adatv\u00e9delmi \u00e9s Inform\u00e1ci\u00f3sszabads\u00e1g Hat\u00f3s\u00e1ghoz: 1125 Budapest, Szil\u00e1gyi Erzs\u00e9bet fasor 22\/C. Levelez\u00e9si c\u00edm: 1530 Budapest, Postafi\u00f3k: Telefon: +36 -1-391-1400 Fax: +36-1-391-1410E-mail: <a href=\"mailto:ugyfelszolgalat@naih.hu\">ugyfelszolgalat@naih.hu.<\/a><\/li>\n<li>K\u00f6telezetts\u00e9get v\u00e1llalunk az alternat\u00edv vitarendez\u00e9si f\u00f3rum ig\u00e9nybev\u00e9tel\u00e9re a fogyaszt\u00f3i jogvit\u00e1ik rendez\u00e9s\u00e9hez. Az Eur\u00f3pai Bizotts\u00e1g \u00e1ltal fejlesztett \u00e9s \u00fczemeltetett online vitarendez\u00e9si platformot a linkre kattintva \u00e9rheti el: <a href=\"https:\/\/webgate.ec.europa.eu\/odr\/main\/index.cfm\">https:\/\/webgate.ec.europa.eu\/odr\/main\/index.cfm.<\/a><\/li>\n<li>Az online vitarendez\u00e9si platform haszn\u00e1lata regisztr\u00e1ci\u00f3t ig\u00e9nyel az Eur\u00f3pai Bizotts\u00e1g rendszer\u00e9ben, majd bejelentkez\u00e9s ut\u00e1n a fogyaszt\u00f3 beny\u00fajthatja panasz\u00e1t a honlapon kereszt\u00fcl, ha nem siker\u00fclt k\u00f6zvetlen\u00fcl rendeznie a jogvit\u00e1j\u00e1t a v\u00e1llalkoz\u00e1ssal.<\/li>\n<li>A panasz beny\u00fajt\u00e1s\u00e1t k\u00f6vet\u0151en az online vitarendez\u00e9si platform azonnal tov\u00e1bb\u00edtja azt az ellen\u00e9rdek\u0171 f\u00e9lnek. Ezt k\u00f6vet\u0151en az \u00e9rintetteknek meg kell egyezni\u00fck egy alternat\u00edv vitarendez\u00e9si f\u00f3rumr\u00f3l, amely v\u00e9gs\u0151 soron el fog j\u00e1rni a k\u00f6z\u00f6tt\u00fck fenn\u00e1ll\u00f3 \u00fcgyben. Azokr\u00f3l a f\u00f3rumokr\u00f3l, amelyek elj\u00e1rhatnak az eset\u00fckben, a platform t\u00e1j\u00e9koztatja a feleket. Amint megsz\u00fcletik a meg\u00e1llapod\u00e1s a vitarendez\u00e9si f\u00f3rumr\u00f3l, az online platform oda tov\u00e1bb\u00edtja a<\/li>\n<li>Ha a feleknek nem siker\u00fcl 30 napon bel\u00fcl megegyezni\u00fck, vagy ha a platform sem tud a beny\u00fajtott adatok alapj\u00e1n olyan alternat\u00edv vitarendez\u00e9si f\u00f3rumot azonos\u00edtani, amelynek hat\u00e1sk\u00f6re van elj\u00e1rni, a panasz tov\u00e1bbi feldolgoz\u00e1s\u00e1ra nem ker\u00fcl<\/li>\n<\/ol>\n<p>&nbsp;<\/p>\n<h4>18. SZERZ\u0150I JOGOK<\/h4>\n<ol>\n<li>Minden, a Szolg\u00e1ltat\u00f3 \u00e1ltal kivitelezett grafikai munka a Szolg\u00e1ltat\u00f3 szellemi tulajdon\u00e1t k\u00e9pezi. Szolg\u00e1ltat\u00f3 t\u00e1j\u00e9koztatja a Felhaszn\u00e1l\u00f3t, hogy a Szolg\u00e1ltat\u00f3 \u00e1ltal megtervezett \u00e9s kivitelezett grafikai munk\u00e1kon Szolg\u00e1ltat\u00f3 log\u00f3ja k\u00fcl\u00f6n felhatalmaz\u00e1s n\u00e9lk\u00fcl, automatikusan felt\u00fcntet\u00e9sre ker\u00fclhet Szolg\u00e1ltat\u00f3 d\u00f6nt\u00e9se alapj\u00e1n.<\/li>\n<li>A Szolg\u00e1ltat\u00f3 szellemi term\u00e9keit erre vonatkoz\u00f3 k\u00fcl\u00f6n k\u00e9r\u00e9s vagy felh\u00edv\u00e1s n\u00e9lk\u00fcl korl\u00e1tlanul felhaszn\u00e1lhatja referenciak\u00e9nt a Felhaszn\u00e1l\u00f3 nev\u00e9nek megjel\u00f6l\u00e9s\u00e9vel mind nyomdai, mind online kommunik\u00e1ci\u00f3j\u00e1ban.<\/li>\n<li>Amennyiben Felhaszn\u00e1l\u00f3 a referenciak\u00e9nti felhaszn\u00e1l\u00e1shoz, vagy a Szolg\u00e1ltat\u00f3 log\u00f3j\u00e1nak felt\u00fcntet\u00e9s\u00e9hez nem j\u00e1rul hozz\u00e1, \u00fagy Szolg\u00e1ltat\u00f3t ennek ellen\u00e9rt\u00e9kek\u00e9nt egyedi meg\u00e1llapod\u00e1s keret\u00e9ben meghat\u00e1rozott fel\u00e1r illeti meg, amelyet Felhaszn\u00e1l\u00f3 a sz\u00e1mla megfizet\u00e9s\u00e9vel egyidej\u0171leg k\u00f6teles kiegyenl\u00edteni.<\/li>\n<li>Amennyiben Felhaszn\u00e1l\u00f3 a fel\u00e1rat tartalmaz\u00f3 sz\u00e1ml\u00e1t b\u00e1rmely okn\u00e1l fogva a fizet\u00e9si hat\u00e1rid\u0151t\u0151l sz\u00e1m\u00edtott 8 (nyolc) napon t\u00fal nem egyenl\u00edti ki, \u00fagy Szolg\u00e1ltat\u00f3 minden tov\u00e1bbi felt\u00e9tel n\u00e9lk\u00fcl jogosultt\u00e1 v\u00e1lik a grafikai munka referenciak\u00e9nti felhaszn\u00e1l\u00e1s\u00e1ra, illet\u0151leg saj\u00e1t log\u00f3j\u00e1nak felt\u00fcntet\u00e9s\u00e9re.<\/li>\n<li>Miut\u00e1n a <a href=\"https:\/\/showcase.westerlike.net\/Timba\/\">https:\/\/showcase.westerlike.net\/Timba\/<\/a> mint weboldal szerz\u0151i jogi m\u0171nek min\u0151s\u00fcl, tilos a weboldalon megjelen\u0151 tartalmak vagy azok b\u00e1rmely r\u00e9szlet\u00e9nek let\u00f6lt\u00e9se (t\u00f6bbsz\u00f6r\u00f6z\u00e9se), \u00fajra nyilv\u00e1noss\u00e1ghoz t\u00f6rt\u00e9n\u0151 k\u00f6zvet\u00edt\u00e9se, m\u00e1s m\u00f3don val\u00f3 felhaszn\u00e1l\u00e1sa, elektronikus t\u00e1rol\u00e1sa, feldolgoz\u00e1sa \u00e9s \u00e9rt\u00e9kes\u00edt\u00e9se a Szolg\u00e1ltat\u00f3 \u00edr\u00e1sos hozz\u00e1j\u00e1rul\u00e1sa n\u00e9lk\u00fcl.<\/li>\n<li>A <a href=\"https:\/\/showcase.westerlike.net\/Timba\/\">https:\/\/showcase.westerlike.net\/Timba\/<\/a> weboldalr\u00f3l \u00e9s annak adatb\u00e1zis\u00e1b\u00f3l b\u00e1rmilyen anyagot \u00e1tvenni \u00edr\u00e1sos hozz\u00e1j\u00e1rul\u00e1s eset\u00e9n is csak az adott weboldalra val\u00f3 hivatkoz\u00e1ssal<\/li>\n<li>A Szolg\u00e1ltat\u00f3 fenntartja minden jog\u00e1t szolg\u00e1ltat\u00e1s\u00e1nak valamennyi elem\u00e9re, a domain-neveire, az azokkal k\u00e9pzett m\u00e1sodlagos domain nevekre, valamint az internetes rekl\u00e1mfel\u00fcleteire.<\/li>\n<li>Tilos a <a href=\"https:\/\/showcase.westerlike.net\/Timba\/\">https:\/\/showcase.westerlike.net\/Timba\/<\/a> weboldal tartalm\u00e1nak, illetve egyes r\u00e9szeinek adapt\u00e1ci\u00f3ja vagy visszafejt\u00e9se; a felhaszn\u00e1l\u00f3i azonos\u00edt\u00f3k \u00e9s jelszavak tisztess\u00e9gtelen m\u00f3don t\u00f6rt\u00e9n\u0151 l\u00e9tes\u00edt\u00e9se; b\u00e1rmely olyan alkalmaz\u00e1s haszn\u00e1lata, amellyel a weboldalon vagy azok b\u00e1rmely r\u00e9sze m\u00f3dos\u00edthat\u00f3 vagy indexelhet\u0151.<\/li>\n<li>A <strong>Timba<\/strong> n\u00e9v \u00e9s logo szerz\u0151i jogi v\u00e9delmet \u00e9lvez, felhaszn\u00e1l\u00e1sa a hivatkoz\u00e1s kiv\u00e9tel\u00e9vel kiz\u00e1r\u00f3lag a Szolg\u00e1ltat\u00f3 \u00edr\u00e1sos hozz\u00e1j\u00e1rul\u00e1s\u00e1val lehets\u00e9ges.<\/li>\n<li>Felhaszn\u00e1l\u00f3 tudom\u00e1sul veszi, hogy a felhaszn\u00e1l\u00e1si enged\u00e9ly n\u00e9lk\u00fcli, a jelen fejezet rendelkez\u00e9seit s\u00e9rt\u0151, felhaszn\u00e1l\u00e1s eset\u00e9n Szolg\u00e1ltat\u00f3t k\u00f6tb\u00e9r illeti A k\u00f6tb\u00e9r \u00f6sszege k\u00e9penk\u00e9nt brutt\u00f3 50.000 Ft, illetve szavank\u00e9nt brutt\u00f3 20.000 Ft. Felhaszn\u00e1l\u00f3 tudom\u00e1sul veszi, hogy ez a k\u00f6tb\u00e9rkik\u00f6t\u00e9s nem t\u00falz\u00f3, \u00e9s ennek tudat\u00e1ban b\u00f6ng\u00e9szi az oldalt. A szerz\u0151i jogi jogs\u00e9rt\u00e9s eset\u00e9n Szolg\u00e1ltat\u00f3 k\u00f6zjegyz\u0151i t\u00e9nytan\u00fas\u00edt\u00e1st alkalmaz, melynek \u00f6sszeg\u00e9t szint\u00e9n a jogs\u00e9rt\u0151 felhaszn\u00e1l\u00f3ra h\u00e1r\u00edtja.<\/li>\n<\/ol>\n<p>&nbsp;<\/p>\n<h4>19. Z\u00c1R\u00d3 RENDELKEZ\u00c9SEK<\/h4>\n<ol>\n<li>A jelen \u00c1ltal\u00e1nos Szerz\u0151d\u00e9si Felt\u00e9telekben nem szab\u00e1lyozott k\u00e9rd\u00e9sekben a Polg\u00e1ri T\u00f6rv\u00e9nyk\u00f6nyvr\u0151l sz\u00f3l\u00f3 \u00e9vi V. t\u00f6rv\u00e9ny rendelkez\u00e9sei az ir\u00e1nyad\u00f3k.<\/li>\n<li>Szerz\u0151d\u0151 Felek v\u00e1llalj\u00e1k, hogy a vit\u00e1s k\u00e9rd\u00e9sek b\u00e9k\u00e9s \u00faton t\u00f6rt\u00e9n\u0151 rendez\u00e9se \u00e9rdek\u00e9ben minden rendelkez\u00e9s\u00fckre \u00e1ll\u00f3 eszk\u00f6zt ig\u00e9nybe vesznek, a vit\u00e1s k\u00e9rd\u00e9seket els\u0151sorban t\u00e1rgyal\u00e1sok \u00fatj\u00e1n rendezik. Amennyiben a t\u00e1rgyal\u00e1sok nem vezetnek eredm\u00e9nyre, \u00fagy Szerz\u0151d\u0151 Felek a jelen \u00c1ltal\u00e1nos Szerz\u0151d\u00e9si Felt\u00e9telekben vagy az Egyedi Szerz\u0151d\u00e9sben szab\u00e1lyozott (aj\u00e1nlat \u2013 elfogad\u00e1s \u00fatj\u00e1n l\u00e9trej\u00f6tt) jogviszonyukkal kapcsolatos jogvit\u00e1juk eld\u00f6nt\u00e9s\u00e9re \u2013 \u00e9rt\u00e9khat\u00e1rt\u00f3l f\u00fcgg\u0151en \u2013 kik\u00f6tik a Fej\u00e9r Megyei B\u00edr\u00f3s\u00e1g \/ Sz\u00e9kesfeh\u00e9rv\u00e1ri T\u00f6rv\u00e9nysz\u00e9k kiz\u00e1r\u00f3lagos illet\u00e9kess\u00e9g\u00e9t.<\/li>\n<li>A jelen \u00c1ltal\u00e1nos Szerz\u0151d\u00e9si Felt\u00e9teleket a Szolg\u00e1ltat\u00f3 minden el\u0151zetes bejelent\u00e9s n\u00e9lk\u00fcl megv\u00e1ltoztathatja, de az \u00c1ltal\u00e1nos Szerz\u0151d\u00e9si Felt\u00e9telek m\u00f3dos\u00edt\u00e1sa visszamen\u0151leges hat\u00e1llyal nem \u00e9rtelmezhet\u0151. Tart\u00f3s \u00fczleti kapcsolat eset\u00e9n az \u00c1ltal\u00e1nos Szerz\u0151d\u00e9si Felt\u00e9telek m\u00f3dosul\u00e1s\u00e1t Szolg\u00e1ltat\u00f3 a m\u00f3dosul\u00e1st k\u00f6vet\u0151 3 munkanapon bel\u00fcl, vagy a m\u00f3dosul\u00e1st k\u00f6vet\u0151 els\u0151 megrendel\u00e9s be\u00e9rkez\u00e9sekor k\u00f6teles jelezni Megrendel\u0151 r\u00e9sz\u00e9re.<\/li>\n<li>Adott megrendel\u00e9s teljes\u00edt\u00e9s\u00e9re azon \u00c1ltal\u00e1nos Szerz\u0151d\u00e9si Felt\u00e9telek vonatkozik, amely a megrendel\u00e9s Szolg\u00e1ltat\u00f3hoz t\u00f6rt\u00e9n\u0151 be\u00e9rkez\u00e9sekor hat\u00e1lyban Szolg\u00e1ltat\u00f3 k\u00f6teles Felhaszn\u00e1l\u00f3 rendelkez\u00e9s\u00e9re bocs\u00e1tani a mindenkor \u00e9rv\u00e9nyben l\u00e9v\u0151 \u00c1ltal\u00e1nos Szerz\u0151d\u00e9si Felt\u00e9teleket. A jelen pontban foglalt rendelkez\u00e9sre bocs\u00e1t\u00e1s elektronikus \u00faton (a Szolg\u00e1ltat\u00f3 honlapj\u00e1n val\u00f3 k\u00f6zz\u00e9t\u00e9tellel vagy e-mail \u00fatj\u00e1n) is elfogadott.<\/li>\n<li>Felhaszn\u00e1l\u00f3 a fenti \u00c1ltal\u00e1nos Szerz\u0151d\u00e9si Felt\u00e9telek tekintet\u00e9ben kifejezetten kijelenti, hogy azokat \u00e1tolvasta, a figyelemfelh\u00edv\u00f3 t\u00e1j\u00e9koztat\u00e1st meg\u00e9rtette, \u00edgy az \u00c1ltal\u00e1nos Szerz\u0151d\u00e9si Felt\u00e9teleket a V\u00e1llalkoz\u00f3val l\u00e9tes\u00edtett jogviszony tekintet\u00e9ben mag\u00e1ra n\u00e9zve k\u00f6telez\u0151nek ismeri<\/li>\n<\/ol>\n<h5>\u00c9rv\u00e9nyes: 2020. \u00e1prilis 17. napj\u00e1t\u00f3l visszavon\u00e1sig vagy m\u00f3dos\u00edt\u00e1sig.<\/h5>\n<p style=\"text-align: right;\">Timba Aj\u00e1nd\u00e9k \u00e9s Rekl\u00e1mgy\u00e1r<br \/>\nSipos Bal\u00e1zs G\u00e1bor EV.<\/p>\n<p>&nbsp;<\/p>\n","protected":false},"excerpt":{"rendered":"<p>1. BEVEZET\u0150 RENDELKEZ\u00c9SEK K\u00f6sz\u00f6nj\u00fck, hogy megtisztelt benn\u00fcnket \u00e9s web\u00e1ruh\u00e1zunkat v\u00e1lasztotta. K\u00e9rj\u00fck, figyelmesen olvassa el az \u00c1ltal\u00e1nos Szerz\u0151d\u00e9si Felt\u00e9teleinket (a tov\u00e1bbiakban: \u00c1szf.) \u00e9s kiz\u00e1r\u00f3lag abban az&#8230;<\/p>\n","protected":false},"author":1,"featured_media":0,"parent":0,"menu_order":0,"comment_status":"closed","ping_status":"closed","template":"page_fullwidth.php","meta":{"footnotes":""},"class_list":["post-8676","page","type-page","status-publish","hentry"],"_links":{"self":[{"href":"https:\/\/showcase.westerlike.net\/Timba\/wp-json\/wp\/v2\/pages\/8676","targetHints":{"allow":["GET"]}}],"collection":[{"href":"https:\/\/showcase.westerlike.net\/Timba\/wp-json\/wp\/v2\/pages"}],"about":[{"href":"https:\/\/showcase.westerlike.net\/Timba\/wp-json\/wp\/v2\/types\/page"}],"author":[{"embeddable":true,"href":"https:\/\/showcase.westerlike.net\/Timba\/wp-json\/wp\/v2\/users\/1"}],"replies":[{"embeddable":true,"href":"https:\/\/showcase.westerlike.net\/Timba\/wp-json\/wp\/v2\/comments?post=8676"}],"version-history":[{"count":0,"href":"https:\/\/showcase.westerlike.net\/Timba\/wp-json\/wp\/v2\/pages\/8676\/revisions"}],"wp:attachment":[{"href":"https:\/\/showcase.westerlike.net\/Timba\/wp-json\/wp\/v2\/media?parent=8676"}],"curies":[{"name":"wp","href":"https:\/\/api.w.org\/{rel}","templated":true}]}}